{"id":16133,"date":"2022-08-03T08:10:02","date_gmt":"2022-08-03T08:10:02","guid":{"rendered":"https:\/\/www.circoeia.com\/?page_id=16133"},"modified":"2022-08-03T08:12:30","modified_gmt":"2022-08-03T08:12:30","slug":"eventi-passati","status":"publish","type":"page","link":"https:\/\/www.circoeia.com\/it\/intarsi\/eventi-passati\/","title":{"rendered":"EVENTI PASSATI"},"content":{"rendered":"\t\t<div data-elementor-type=\"wp-page\" data-elementor-id=\"16133\" class=\"elementor elementor-16133\" data-elementor-post-type=\"page\">\n\t\t\t\t\t\t<section class=\"elementor-section elementor-top-section elementor-element elementor-element-1301c59c elementor-section-height-min-height elementor-section-content-middle elementor-section-stretched elementor-section-boxed elementor-section-height-default elementor-section-items-middle\" data-id=\"1301c59c\" data-element_type=\"section\" data-e-type=\"section\" data-settings=\"{&quot;background_background&quot;:&quot;classic&quot;,&quot;sticky&quot;:&quot;top&quot;,&quot;stretch_section&quot;:&quot;section-stretched&quot;,&quot;sticky_on&quot;:[&quot;desktop&quot;,&quot;tablet&quot;,&quot;mobile&quot;],&quot;sticky_offset&quot;:0,&quot;sticky_effects_offset&quot;:0,&quot;sticky_anchor_link_offset&quot;:0}\">\n\t\t\t\t\t\t<div class=\"elementor-container elementor-column-gap-default\">\n\t\t\t\t\t<div class=\"aux-parallax-section elementor-column elementor-col-100 elementor-top-column elementor-element elementor-element-55105056\" data-id=\"55105056\" data-element_type=\"column\" data-e-type=\"column\">\n\t\t\t<div class=\"elementor-widget-wrap elementor-element-populated\">\n\t\t\t\t\t\t<div class=\"elementor-element elementor-element-7d4723e elementor-widget elementor-widget-image\" data-id=\"7d4723e\" data-element_type=\"widget\" data-e-type=\"widget\" data-widget_type=\"image.default\">\n\t\t\t\t<div class=\"elementor-widget-container\">\n\t\t\t\t\t\t\t\t\t\t\t\t\t\t\t<img decoding=\"async\" src=\"https:\/\/www.circoeia.com\/wp-content\/uploads\/elementor\/thumbs\/logo-intarsi-qyrxxqxw4gipkmnd4hk4jp15t19ejfh2z0n56mky1s.png\" title=\"logo-intarsi\" alt=\"logo-intarsi\" loading=\"lazy\" \/>\t\t\t\t\t\t\t\t\t\t\t\t\t\t\t<\/div>\n\t\t\t\t<\/div>\n\t\t\t\t<div class=\"elementor-element elementor-element-56831616 elementor-nav-menu__align-center elementor-nav-menu--dropdown-mobile elementor-nav-menu--stretch elementor-widget-mobile__width-initial elementor-nav-menu__text-align-aside elementor-nav-menu--toggle elementor-nav-menu--burger elementor-widget elementor-widget-nav-menu\" data-id=\"56831616\" data-element_type=\"widget\" data-e-type=\"widget\" data-settings=\"{&quot;full_width&quot;:&quot;stretch&quot;,&quot;layout&quot;:&quot;horizontal&quot;,&quot;submenu_icon&quot;:{&quot;value&quot;:&quot;&lt;i class=\\&quot;fas fa-caret-down\\&quot; aria-hidden=\\&quot;true\\&quot;&gt;&lt;\\\/i&gt;&quot;,&quot;library&quot;:&quot;fa-solid&quot;},&quot;toggle&quot;:&quot;burger&quot;}\" data-widget_type=\"nav-menu.default\">\n\t\t\t\t<div class=\"elementor-widget-container\">\n\t\t\t\t\t\t\t\t<nav aria-label=\"Menu\" class=\"elementor-nav-menu--main elementor-nav-menu__container elementor-nav-menu--layout-horizontal e--pointer-none\">\n\t\t\t\t<!-- start master menu -->\n<ul id=\"menu-1-56831616\" class=\"elementor-nav-menu\"><li class=\"menu-item menu-item-type-custom menu-item-object-custom menu-item-2846\"><a href=\"\/it\/intarsi#presentacion\" class=\"elementor-item elementor-item-anchor\">PRESENTAZIONE<\/a><\/li>\n<li class=\"menu-item menu-item-type-custom menu-item-object-custom menu-item-2868\"><a href=\"\/it\/intarsi#ficha-artistica\" class=\"elementor-item elementor-item-anchor\">SCHEDA ARTISTICA<\/a><\/li>\n<li class=\"menu-item menu-item-type-custom menu-item-object-custom menu-item-2869\"><a href=\"\/it\/intarsi#equipo\" class=\"elementor-item elementor-item-anchor\">\u00c9QUIPE<\/a><\/li>\n<li class=\"menu-item menu-item-type-custom menu-item-object-custom menu-item-2870\"><a href=\"\/it\/intarsi#multimedia\" class=\"elementor-item elementor-item-anchor\">MULTIMEDIA<\/a><\/li>\n<li class=\"menu-item menu-item-type-custom menu-item-object-custom menu-item-2871\"><a href=\"\/it\/intarsi#prensa\" class=\"elementor-item elementor-item-anchor\">RASSEGNA STAMPA<\/a><\/li>\n<li class=\"menu-item menu-item-type-custom menu-item-object-custom menu-item-2872\"><a href=\"\/it\/intarsi#prensa\" class=\"elementor-item elementor-item-anchor\">Zona PRO<\/a><\/li>\n<li class=\"menu-item menu-item-type-post_type menu-item-object-page menu-item-16140\"><a href=\"https:\/\/www.circoeia.com\/it\/intarsi\/eventi-passati\/\" class=\"elementor-item\">EVENTI PASSATI<\/a><\/li>\n<li class=\"menu-item menu-item-type-custom menu-item-object-custom menu-item-2873\"><a href=\"\/it\/intarsi#contactar\" class=\"elementor-item elementor-item-anchor\">CONTATTO<\/a><\/li>\n<\/ul>\n<!-- end master menu -->\n\t\t\t<\/nav>\n\t\t\t\t\t<div class=\"elementor-menu-toggle\" role=\"button\" tabindex=\"0\" aria-label=\"Menu di commutazione\" aria-expanded=\"false\">\n\t\t\t<i aria-hidden=\"true\" role=\"presentation\" class=\"elementor-menu-toggle__icon--open eicon-menu-bar\"><\/i><i aria-hidden=\"true\" role=\"presentation\" class=\"elementor-menu-toggle__icon--close eicon-close\"><\/i>\t\t<\/div>\n\t\t\t\t\t<nav class=\"elementor-nav-menu--dropdown elementor-nav-menu__container\" aria-hidden=\"true\">\n\t\t\t\t<!-- start master menu -->\n<ul id=\"menu-2-56831616\" class=\"elementor-nav-menu\"><li class=\"menu-item menu-item-type-custom menu-item-object-custom menu-item-2846\"><a href=\"\/it\/intarsi#presentacion\" class=\"elementor-item elementor-item-anchor\" tabindex=\"-1\">PRESENTAZIONE<\/a><\/li>\n<li class=\"menu-item menu-item-type-custom menu-item-object-custom menu-item-2868\"><a href=\"\/it\/intarsi#ficha-artistica\" class=\"elementor-item elementor-item-anchor\" tabindex=\"-1\">SCHEDA ARTISTICA<\/a><\/li>\n<li class=\"menu-item menu-item-type-custom menu-item-object-custom menu-item-2869\"><a href=\"\/it\/intarsi#equipo\" class=\"elementor-item elementor-item-anchor\" tabindex=\"-1\">\u00c9QUIPE<\/a><\/li>\n<li class=\"menu-item menu-item-type-custom menu-item-object-custom menu-item-2870\"><a href=\"\/it\/intarsi#multimedia\" class=\"elementor-item elementor-item-anchor\" tabindex=\"-1\">MULTIMEDIA<\/a><\/li>\n<li class=\"menu-item menu-item-type-custom menu-item-object-custom menu-item-2871\"><a href=\"\/it\/intarsi#prensa\" class=\"elementor-item elementor-item-anchor\" tabindex=\"-1\">RASSEGNA STAMPA<\/a><\/li>\n<li class=\"menu-item menu-item-type-custom menu-item-object-custom menu-item-2872\"><a href=\"\/it\/intarsi#prensa\" class=\"elementor-item elementor-item-anchor\" tabindex=\"-1\">Zona PRO<\/a><\/li>\n<li class=\"menu-item menu-item-type-post_type menu-item-object-page menu-item-16140\"><a href=\"https:\/\/www.circoeia.com\/it\/intarsi\/eventi-passati\/\" class=\"elementor-item\" tabindex=\"-1\">EVENTI PASSATI<\/a><\/li>\n<li class=\"menu-item menu-item-type-custom menu-item-object-custom menu-item-2873\"><a href=\"\/it\/intarsi#contactar\" class=\"elementor-item elementor-item-anchor\" tabindex=\"-1\">CONTATTO<\/a><\/li>\n<\/ul>\n<!-- end master menu -->\n\t\t\t<\/nav>\n\t\t\t\t\t\t<\/div>\n\t\t\t\t<\/div>\n\t\t\t\t\t<\/div>\n\t\t<\/div>\n\t\t\t\t\t<\/div>\n\t\t<\/section>\n\t\t\t\t<section class=\"elementor-section elementor-top-section elementor-element elementor-element-49aec12 elementor-section-height-min-height elementor-section-content-top elementor-section-boxed elementor-section-height-default elementor-section-items-middle\" data-id=\"49aec12\" data-element_type=\"section\" data-e-type=\"section\" data-settings=\"{&quot;background_background&quot;:&quot;classic&quot;}\">\n\t\t\t\t\t\t<div class=\"elementor-container elementor-column-gap-wide\">\n\t\t\t\t\t<div class=\"aux-parallax-section elementor-column elementor-col-100 elementor-top-column elementor-element elementor-element-5c43227\" data-id=\"5c43227\" data-element_type=\"column\" data-e-type=\"column\">\n\t\t\t<div class=\"elementor-widget-wrap elementor-element-populated\">\n\t\t\t\t\t\t<div class=\"elementor-element elementor-element-63b862e aux-appear-watch-animation aux-fade-in-right-1 elementor-widget elementor-widget-aux_modern_heading\" data-id=\"63b862e\" data-element_type=\"widget\" data-e-type=\"widget\" data-widget_type=\"aux_modern_heading.default\">\n\t\t\t\t<div class=\"elementor-widget-container\">\n\t\t\t\t\t<section class=\"aux-widget-modern-heading\">\n            <div class=\"aux-widget-inner\"><p class=\"aux-modern-heading-primary\">TOUR<\/p><\/div>\n        <\/section>\t\t\t\t<\/div>\n\t\t\t\t<\/div>\n\t\t\t\t<section class=\"elementor-section elementor-inner-section elementor-element elementor-element-a4374b3 elementor-section-boxed elementor-section-height-default elementor-section-height-default\" data-id=\"a4374b3\" data-element_type=\"section\" data-e-type=\"section\">\n\t\t\t\t\t\t<div class=\"elementor-container elementor-column-gap-default\">\n\t\t\t\t\t<div class=\"aux-parallax-section elementor-column elementor-col-100 elementor-inner-column elementor-element elementor-element-19103c5\" data-id=\"19103c5\" data-element_type=\"column\" data-e-type=\"column\">\n\t\t\t<div class=\"elementor-widget-wrap elementor-element-populated\">\n\t\t\t\t\t\t<div class=\"elementor-element elementor-element-52c44e0 elementor-widget elementor-widget-heading\" data-id=\"52c44e0\" data-element_type=\"widget\" data-e-type=\"widget\" data-widget_type=\"heading.default\">\n\t\t\t\t<div class=\"elementor-widget-container\">\n\t\t\t\t\t<h2 class=\"elementor-heading-title elementor-size-default\">EVENTI PASSATI<\/h2>\t\t\t\t<\/div>\n\t\t\t\t<\/div>\n\t\t\t\t<div class=\"elementor-element elementor-element-d883fb2 elementor-tabs-view-horizontal elementor-widget elementor-widget-tabs\" data-id=\"d883fb2\" data-element_type=\"widget\" data-e-type=\"widget\" data-widget_type=\"tabs.default\">\n\t\t\t\t<div class=\"elementor-widget-container\">\n\t\t\t\t\t\t\t<div class=\"elementor-tabs\">\n\t\t\t<div class=\"elementor-tabs-wrapper\" role=\"tablist\" >\n\t\t\t\t\t\t\t\t\t<div id=\"elementor-tab-title-2271\" class=\"elementor-tab-title elementor-tab-desktop-title\" aria-selected=\"true\" data-tab=\"1\" role=\"tab\" tabindex=\"0\" aria-controls=\"elementor-tab-content-2271\" aria-expanded=\"false\">2022<\/div>\n\t\t\t\t\t\t\t\t\t<div id=\"elementor-tab-title-2272\" class=\"elementor-tab-title elementor-tab-desktop-title\" aria-selected=\"false\" data-tab=\"2\" role=\"tab\" tabindex=\"-1\" aria-controls=\"elementor-tab-content-2272\" aria-expanded=\"false\">2021<\/div>\n\t\t\t\t\t\t\t\t\t<div id=\"elementor-tab-title-2273\" class=\"elementor-tab-title elementor-tab-desktop-title\" aria-selected=\"false\" data-tab=\"3\" role=\"tab\" tabindex=\"-1\" aria-controls=\"elementor-tab-content-2273\" aria-expanded=\"false\">2020<\/div>\n\t\t\t\t\t\t\t\t\t<div id=\"elementor-tab-title-2274\" class=\"elementor-tab-title elementor-tab-desktop-title\" aria-selected=\"false\" data-tab=\"4\" role=\"tab\" tabindex=\"-1\" aria-controls=\"elementor-tab-content-2274\" aria-expanded=\"false\">2019<\/div>\n\t\t\t\t\t\t\t\t\t<div id=\"elementor-tab-title-2275\" class=\"elementor-tab-title elementor-tab-desktop-title\" aria-selected=\"false\" data-tab=\"5\" role=\"tab\" tabindex=\"-1\" aria-controls=\"elementor-tab-content-2275\" aria-expanded=\"false\">2018<\/div>\n\t\t\t\t\t\t\t\t\t<div id=\"elementor-tab-title-2276\" class=\"elementor-tab-title elementor-tab-desktop-title\" aria-selected=\"false\" data-tab=\"6\" role=\"tab\" tabindex=\"-1\" aria-controls=\"elementor-tab-content-2276\" aria-expanded=\"false\">2017<\/div>\n\t\t\t\t\t\t\t\t\t<div id=\"elementor-tab-title-2277\" class=\"elementor-tab-title elementor-tab-desktop-title\" aria-selected=\"false\" data-tab=\"7\" role=\"tab\" tabindex=\"-1\" aria-controls=\"elementor-tab-content-2277\" aria-expanded=\"false\">2016<\/div>\n\t\t\t\t\t\t\t\t\t<div id=\"elementor-tab-title-2278\" class=\"elementor-tab-title elementor-tab-desktop-title\" aria-selected=\"false\" data-tab=\"8\" role=\"tab\" tabindex=\"-1\" aria-controls=\"elementor-tab-content-2278\" aria-expanded=\"false\">2015<\/div>\n\t\t\t\t\t\t\t<\/div>\n\t\t\t<div class=\"elementor-tabs-content-wrapper\" role=\"tablist\" aria-orientation=\"vertical\">\n\t\t\t\t\t\t\t\t\t<div class=\"elementor-tab-title elementor-tab-mobile-title\" aria-selected=\"true\" data-tab=\"1\" role=\"tab\" tabindex=\"0\" aria-controls=\"elementor-tab-content-2271\" aria-expanded=\"false\">2022<\/div>\n\t\t\t\t\t<div id=\"elementor-tab-content-2271\" class=\"elementor-tab-content elementor-clearfix\" data-tab=\"1\" role=\"tabpanel\" aria-labelledby=\"elementor-tab-title-2271\" tabindex=\"0\" hidden=\"false\"><h4><strong>LUGLIO<\/strong><\/h4><p>1 \u2013 Ateneu Popular 9 Barris, Barcellona (ultima esibizione)<\/p><\/div>\n\t\t\t\t\t\t\t\t\t<div class=\"elementor-tab-title elementor-tab-mobile-title\" aria-selected=\"false\" data-tab=\"2\" role=\"tab\" tabindex=\"-1\" aria-controls=\"elementor-tab-content-2272\" aria-expanded=\"false\">2021<\/div>\n\t\t\t\t\t<div id=\"elementor-tab-content-2272\" class=\"elementor-tab-content elementor-clearfix\" data-tab=\"2\" role=\"tabpanel\" aria-labelledby=\"elementor-tab-title-2272\" tabindex=\"0\" hidden=\"hidden\"><h4><strong>GIUGNO<\/strong><\/h4><p>6 \u2013 Animatis, Issoire, Francia<\/p><p>9 \u2013 Le Cube, Lieusaint, Francia<\/p><p>12 e 13 \u2013 Cirkulacjia Festival, Kaunas, Lituania<\/p><h4>\u00a0<\/h4><h4><strong>LUGLIO<\/strong><\/h4><p>6 \u2013 Festival des 7 Collines, Saint-\u00c9tienne, Francia\u00a0\u00a0<\/p><div><h4>\u00a0<\/h4><h4><strong>SETTEMBRE<\/strong><\/h4><\/div><div><p>29 e 30 \u2013 Th\u00e9\u00e2tre Forum Meyrin, Genevra, Svizzera\u00a0\u00a0<\/p><\/div><h4>\u00a0<\/h4><h4><strong>OTTOBRE<\/strong><\/h4><div><p>4, 5 e 6 &#8211; Festival Assemblage\u2019S, Genevra, Svizzera\u00a0<\/p><p>17 &#8211; Teatro Lope de Vega, Sevilla, Spagna<\/p><\/div><h4>\u00a0<\/h4><h4><strong>NOVEMBRE<\/strong><\/h4><p>18 \u2013 Konzert Theater Coesfeld, Coesfeld, Germania\u00a0<\/p><p>21 \u2013 La Quintaine, Chasseneuil-du-Poitou, Francia<\/p><p>23 &#8211; Pont des Arts, Cesson-Sevign\u00e9, Francia (masterclass)<\/p><p>Dall 24 all 26 &#8211; Pont des Arts, Cesson-Sevign\u00e9, Francia\u00a0<\/p><p>27 e 28 \u2013 Th\u00e9\u00e2tre de l\u2019H\u00f4tel de Ville, Saint-Barthelemy-d\u2019Anjou, Francia<\/p><p>30 \u2013 Th\u00e9\u00e2tre Millandy, Lu\u00e7on, Francia<\/p><h4>\u00a0<\/h4><h4><strong>DICEMBRE<\/strong><\/h4><p>2 \u2013 Espace Agapit, Saint Maixent l\u2019\u00c9cole, Francia<\/p><p>8 \u2013 CAPE, Ettelbruck, Lussemburgo<\/p><p>10 &#8211; La Lanterne, Rambouillet, Francia<\/p><p>12 \u2013 Gymnase Marc Miller, Sainte-Sigol\u00e8ne, Francia\u00a0<\/p><p>14 e 15 \u2013 La Cigali\u00e8re, Serignan, Francia<\/p><\/div>\n\t\t\t\t\t\t\t\t\t<div class=\"elementor-tab-title elementor-tab-mobile-title\" aria-selected=\"false\" data-tab=\"3\" role=\"tab\" tabindex=\"-1\" aria-controls=\"elementor-tab-content-2273\" aria-expanded=\"false\">2020<\/div>\n\t\t\t\t\t<div id=\"elementor-tab-content-2273\" class=\"elementor-tab-content elementor-clearfix\" data-tab=\"3\" role=\"tabpanel\" aria-labelledby=\"elementor-tab-title-2273\" tabindex=\"0\" hidden=\"hidden\"><h4><b>FEBBRAIO<\/b><\/h4><p>23 \u2013 Le Firmament, Firminy, Francia \u00a0 \u00a0<a class=\"fancybox-pdf\" href=\"https:\/\/www.ville-firminy.fr\/wp-content\/uploads\/2019\/08\/SAISON2019-2020.pdf\" target=\"_blank\" rel=\"noopener noreferrer\">+ info<\/a><\/p><p>25 \u2013 Salle Marie-Christine Barrault,\u00a0Lavelanet, Francia \u00a0 \u00a0<a href=\"https:\/\/lavelanet-culture.com\/spectacle\/intarsi\" target=\"_blank\" rel=\"noopener noreferrer\">+ info<\/a><\/p><p>29 \u2013 Stadsshowburg, Utrecht, Olanda \u00a0 \u00a0<a href=\"https:\/\/stadsschouwburg-utrecht.nl\/agenda\/2019-20\/in-tarsi\/\" target=\"_blank\" rel=\"noopener noreferrer\">+ info<\/a><\/p><p>\u00a0<\/p><h4><b>MARZO<\/b><\/h4><p>6 \u2013 Espace Culturel de Corbi\u00e8res in collaborazione con la Verrerie d\u2019Ale\u0300s, Po\u0302le National Cirque Occitanie, Lezignan-Corbi\u00e8res, Francia \u00a0 \u00a0<a href=\"https:\/\/www.polecirqueverrerie.com\/activite\/intarsi\/\" target=\"_blank\" rel=\"noopener noreferrer\">+ info<\/a><\/p><p>\u00a0<\/p><h4><b>AGOSTO<\/b><\/h4><p>27 \u2013 Festival Cir&amp;Co, \u00c1vila, Spagna \u00a0 \u00a0<a href=\"https:\/\/www.circocyl.es\/actuacion\/intarsi-compania-de-circo-eia-cataluna\/\" target=\"_blank\" rel=\"noopener noreferrer\">+ info<\/a><\/p><p>\u00a0<\/p><h4><b>SETTEMBRE<\/b><\/h4><p>12 \u2013 Inaugurazione Stagione Teatrale Hendaya Cultura, Hendaya, Francia \u00a0\u00a0<a href=\"https:\/\/www.vostickets.net\/billet?ID=HENDAYE&amp;SPC=8290\" target=\"_blank\" rel=\"noopener noreferrer\">+ info<\/a><\/p><p>26 \u2013 Festival Bilboko Kalealdia, Bilbao, Spagna \u00a0\u00a0<a href=\"http:\/\/bilbokokalealdia.eus\/web\/\" target=\"_blank\" rel=\"noopener noreferrer\">+ info<\/a><\/p><p>\u00a0<\/p><h4><b>OTTOBRE<\/b><\/h4><p>24 e 25 \u2013 Teatro L\u2019Artes\u00e1, El Prat de Llobregat, Spagna\u00a0\u00a0\u00a0<a href=\"https:\/\/www.teatrelartesa.cat\/la-ciutat\/guia-agenda\/intarsi-0\" target=\"_blank\" rel=\"noopener noreferrer\">+ info<\/a><\/p><p>\u00a0<\/p><\/div>\n\t\t\t\t\t\t\t\t\t<div class=\"elementor-tab-title elementor-tab-mobile-title\" aria-selected=\"false\" data-tab=\"4\" role=\"tab\" tabindex=\"-1\" aria-controls=\"elementor-tab-content-2274\" aria-expanded=\"false\">2019<\/div>\n\t\t\t\t\t<div id=\"elementor-tab-content-2274\" class=\"elementor-tab-content elementor-clearfix\" data-tab=\"4\" role=\"tabpanel\" aria-labelledby=\"elementor-tab-title-2274\" tabindex=\"0\" hidden=\"hidden\"><h4><b>GENNAIO<\/b><\/h4><p>18 \u2013 Centre Culturel L\u2019Ilyade, Seyssinet-Pariset, Francia \u00a0 \u00a0<a href=\"https:\/\/web.digitick.com\/intarsi-spectacle-l-ilyade-seyssinet-pariset-18-janvier-2019-css5-seyssinetpariset-pg101-ri5802081.html\" target=\"_blank\" rel=\"noopener noreferrer\">+ info<\/a><\/p><p>22 \u2013 Salle L\u00e9on Curral, Sallanches, Francia \u00a0 \u00a0<a href=\"http:\/\/www.sallanches.fr\/246-intarsi-compagnie-de-cirque-eia.htm\" target=\"_blank\" rel=\"noopener noreferrer\">+ info<\/a><\/p><p>23 \u2013 L\u2019Agora, Bonneville, Francia \u00a0 \u00a0<a href=\"https:\/\/www.ocabonneville.fr\/evenement\/intarsi\/\" target=\"_blank\" rel=\"noopener noreferrer\">+ info<\/a><\/p><p>24 \u2013 Th\u00e9\u00e2tre du Bordeau, Saint-Genis-Pouilly, Francia \u00a0 \u00a0<a href=\"http:\/\/www.saint-genis-pouilly.fr\/agenda\/intarsi-cie-de-cirque-eia\" target=\"_blank\" rel=\"noopener noreferrer\">+ info<\/a><\/p><p>25 \u2013 Th\u00e9\u00e2tre de Beausobre, Morges, Svizzera \u00a0 \u00a0<a href=\"https:\/\/beausobre.ch\/spectacle\/circo-eia\/\" target=\"_blank\" rel=\"noopener noreferrer\">+ info<\/a><\/p><p>29 \u2013 Le S\u00e9maphore, C\u00e9bazat, Francia \u00a0 \u00a0<a href=\"http:\/\/www.semaphore-cebazat.fr\/agenda-cirque\/135-2017-05-18-12-33-36?date=2019-01-29-20-30\" target=\"_blank\" rel=\"noopener noreferrer\">+ info<\/a><\/p><p>31 \u2013 Relais Culturel R\u00e9gional P. Schiel\u00e9, Thann, Francia \u00a0 \u00a0<a class=\"fancybox-pdf\" href=\"https:\/\/www.szenik.eu\/fr\/Danse\/inTarsi-cirque-sentiments-3802\" target=\"_blank\" rel=\"noopener noreferrer\">+ info<\/a><\/p><p>\u00a0<\/p><p>\u00a0<\/p><h4><b>FEBBRAIO<\/b><\/h4><p>1 \u2013 Relais Culturel R\u00e9gional P. Schiel\u00e9, Thann, Francia \u00a0 \u00a0<a class=\"fancybox-pdf\" href=\"https:\/\/www.szenik.eu\/fr\/Danse\/inTarsi-cirque-sentiments-3802\" target=\"_blank\" rel=\"noopener noreferrer\">+ info<\/a><\/p><p>2 \u2013 Espace Rh\u00e9nan, Kembs, Francia \u00a0 \u00a0\u00a0<a href=\"https:\/\/www.espace-rhenan.fr\/manifestations.php?manif=675\" target=\"_blank\" rel=\"noopener noreferrer\">+ info<\/a><\/p><p>Dal 4 all\u2019 8 \u2013 Th\u00e9\u00e2tre La Coupole, Saint-Louis, Francia \u00a0 \u00a0<a href=\"https:\/\/www.lacoupole.fr\/accueil\/saisons\/saison-18-19\/cirque-intarsi-festival-momix-2019\" target=\"_blank\" rel=\"noopener noreferrer\">+ info<\/a><\/p><p>10 \u2013 Centre Culturel de Porrentruy, Svizzera \u00a0 \u00a0\u00a0<a href=\"http:\/\/www.cultureporrentruy.ch\/programme\/detail\/intarsi-10-fevrier-2019\" target=\"_blank\" rel=\"noopener noreferrer\">+ info<\/a><\/p><p>17 \u2013 Teatre Municipal de Girona, Spagna \u00a0 \u00a0<a href=\"http:\/\/www.girona.cat\/teatremunicipal\/cat\/programacio_fitxa.php?id=2382\" target=\"_blank\" rel=\"noopener noreferrer\">+ info<\/a><\/p><p>\u00a0<\/p><p>\u00a0<\/p><h4><b>APRILE<\/b><\/h4><p>23 \u2013 Relais Culturel, Hagueneau, Francia \u00a0 \u00a0<a href=\"http:\/\/www.relais-culturel-haguenau.com\/inTarsi.html\" target=\"_blank\" rel=\"noopener noreferrer\">+ info<\/a><\/p><p>26 e 27 \u2013\u00a0<span lang=\"ES-TRAD\">Centre Culturel Abbaye de Neum\u00fcnster<\/span>, Lussemburgo \u00a0 \u00a0<a href=\"https:\/\/www.neimenster.lu\/fr\/Culture\/Offre-diversifiee-Calendrier-shop-visites\/Programmation\/Scenes\/inTarsi-Friday-26-April-2019-10-00-00-am\" target=\"_blank\" rel=\"noopener noreferrer\">+ info<\/a><\/p><p>30 \u2013 Les Tanzmatten, S\u00e9lestat, Francia \u00a0 \u00a0<a href=\"https:\/\/www.tanzmatten.fr\/saison-culturelle\/programmation\/2018-2019\/intarsi.html\" target=\"_blank\" rel=\"noopener noreferrer\">+ info<\/a><\/p><p>\u00a0<\/p><p>\u00a0<\/p><h4><b>MAGGIO<\/b><\/h4><p>2 \u2013 Les Tanzmatten, S\u00e9lestat, Francia \u00a0 \u00a0<a href=\"https:\/\/www.tanzmatten.fr\/saison-culturelle\/programmation\/2018-2019\/intarsi.html\" target=\"_blank\" rel=\"noopener noreferrer\">+ info<\/a><\/p><p>3 \u2013 La Nef, Wissembourg, Francia \u00a0 \u00a0<a href=\"https:\/\/www.ville-wissembourg.eu\/Agenda\/InTarsi-00078.html\" target=\"_blank\" rel=\"noopener noreferrer\">+ info<\/a><\/p><p>4 \u2013 Le Pr\u00e9O, Oberhausbergen, Francia \u00a0 \u00a0<a href=\"http:\/\/le-preo.fr\/fr\/intarsi-126.html?idProduit=2791\" target=\"_blank\" rel=\"noopener noreferrer\">+ info<\/a><\/p><p>11 \u2013 Festi\u2019Mai,\u00a0Saint-Andr\u00e9 de Seignanx, Francia \u00a0 \u00a0<a href=\"http:\/\/www.cc-seignanx.fr\/Communaute-de-Communes\/Sortir-et-decouvrir\/Saison-culturelle\/Saison-Culturelle-2019\/INTARSI-Sam-11-Mai-21h\" target=\"_blank\" rel=\"noopener noreferrer\">+ info<\/a><\/p><p>14 \u2013 Le Champilambart, Vallet, Francia \u00a0 \u00a0<a href=\"http:\/\/www.champilambart.fr\/saison-2018-2019\/les-spectacles\/event-210-intarsi.html\" target=\"_blank\" rel=\"noopener noreferrer\">+ info<\/a><\/p><p>16 \u2013 L\u2019Odyss\u00e9e, Orvault, Francia \u00a0 \u00a0<a href=\"http:\/\/www.orvault.fr\/agenda\/intarsi-cirque-acrobatique-lodyssee\" target=\"_blank\" rel=\"noopener noreferrer\">+ info<\/a><\/p><p>18 \u2013 La Genette Verte, Florac, Francia \u00a0 \u00a0<a href=\"http:\/\/www.lagenetteverte.fr\/spectacle\/intarsi\/\" target=\"_blank\" rel=\"noopener noreferrer\">+ info<\/a><\/p><p>Dal 23 al 26 \u2013 Ruhrfestspiele, Recklinghausen, Germania \u00a0 \u00a0<a href=\"https:\/\/www.ruhrfestspiele.de\/en\/program\/in-tarsi\" target=\"_blank\" rel=\"noopener noreferrer\">+ info<\/a><\/p><p>30 e 31 \u2013 Traf\u00f3 House of Contemporary Arts, Budapest, Ungheria \u00a0 \u00a0<a href=\"https:\/\/trafo.hu\/en\/programs\/intarsi\" target=\"_blank\" rel=\"noopener noreferrer\">+ info<\/a><\/p><p>\u00a0<\/p><p>\u00a0<\/p><h4><b>GIUGNO<\/b><\/h4><p>7 \u2013 Le Carr\u00e9 Blanc, Tinqueux, Francia \u00a0 \u00a0<a href=\"http:\/\/le-carreblanc.fr\/evenements\/intarsi-danse-cirque\/\" target=\"_blank\" rel=\"noopener noreferrer\">+ info<\/a><\/p><p>23 \u2013 Arctic Arts Festival, Harstad, Norvegia \u00a0 \u00a0<a href=\"http:\/\/festspillnn.no\/en\/taxonomy\/term\/145\/intarsi-esitcat\" target=\"_blank\" rel=\"noopener noreferrer\">+ info<\/a><\/p><p>\u00a0<\/p><p>\u00a0<\/p><h4><b>LUGLIO<\/b><\/h4><p>13 \u2013 KorresponDance Festival, \u017d\u010f\u00e1r nad S\u00e1zavou, Repubblica Ceca \u00a0 \u00a0<a href=\"http:\/\/www.korespondance.cz\/en\/detail-akce.php?homepage=55-compaia-de-circo-eia-\" target=\"_blank\" rel=\"noopener noreferrer\">+ info<\/a><\/p><p>20 \u2013 35\u00ba MIT de Ribadavia, Ribadavia, Spagna \u00a0 \u00a0<a href=\"http:\/\/mitribadavia.gal\/programa\/\" target=\"_blank\" rel=\"noopener noreferrer\">+ info<\/a><\/p><p>23 e 24 \u2013 Cirque d\u2019\u00e9t\u00e9, Niort, Francia \u00a0 \u00a0<a href=\"https:\/\/www.vivre-a-niort.com\/fr\/actualites\/agenda\/rechercher-une-manifestation\/festival-cirque-dete-cie-eia-16283\/index.html\" target=\"_blank\" rel=\"noopener noreferrer\">+ info\u00a0<\/a><\/p><p>27 \u2013 Festival Artencalle, Alfaro, Spagna \u00a0 \u00a0<a href=\"https:\/\/lariojaturismo.com\/recurso\/artencalle-2019-iv-festival-de-teatro-circo-y\/4432b881-ba17-4e86-8019-7a2b5c8f457c\" target=\"_blank\" rel=\"noopener noreferrer\">+ info<\/a><\/p><p>\u00a0<\/p><p>\u00a0<\/p><h4><b>AGOSTO<\/b><\/h4><p>8 \u2013 Festival de las Murallas, Pamplona, Spagna \u00a0 \u00a0<a href=\"http:\/\/www.pamplonaescultura.es\/events\/festival-de-las-murallas-2019\/\" target=\"_blank\" rel=\"noopener noreferrer\">+ info<\/a><\/p><p>16 \u2013 Festival de Verano Clunia, Huerta del Rey, Spagna \u00a0 \u00a0<a href=\"https:\/\/es-es.facebook.com\/festivalveranoclunia\/\" target=\"_blank\" rel=\"noopener noreferrer\">+ info\u00a0<\/a><\/p><p>\u00a0<\/p><p>\u00a0<\/p><h4><b>SETTEMBRE<\/b><\/h4><p>7 e 8 \u2013 Dinamico Festival, Reggio Emilia \u00a0 \u00a0<a href=\"https:\/\/www.dinamicofestival.it\/\" target=\"_blank\" rel=\"noopener noreferrer\">+ info<\/a><\/p><p>13 \u2013 FORUM, Leverkusen, Germania \u00a0 \u00a0<a href=\"https:\/\/www.kulturstadtlev.de\/veranstaltungskalender\/eventdetail\/news\/intarsi\/?tx_news_pi1%5BactbackPid%5D=199&amp;tx_news_pi1%5Bcontroller%5D=News&amp;tx_news_pi1%5Baction%5D=detail&amp;cHash=f08a73264bee837e40cfe049cb5d3af3\" target=\"_blank\" rel=\"noopener noreferrer\">+ info<\/a><\/p><p>19 e 20 \u2013 Riga Cirks, Riga, Lettonia \u00a0 \u00a0<a href=\"http:\/\/cirks.lv\/en\/news\/show-intarsi\" target=\"_blank\" rel=\"noopener noreferrer\">+ info<\/a><\/p><p>22 \u2013 Open the Door Festival, Katowice, Polonia \u00a0 \u00a0<a href=\"https:\/\/www.facebook.com\/OpenTheDoorFestival\/\" target=\"_blank\" rel=\"noopener noreferrer\">+ info<\/a><\/p><p>25 \u2013 Festival Circarte, Alicante, Spagna \u00a0 \u00a0<a href=\"http:\/\/circarte.com\/2019\/vuelta-verano-avance\/\" target=\"_blank\" rel=\"noopener noreferrer\">+ info\u00a0<\/a><\/p><p>29 \u2013 Teatro Isabel La Cat\u00f3lica, Granada, Spagna \u00a0 \u00a0<a href=\"https:\/\/www.redentradas.com\/?entradas=&amp;eid=1694\" target=\"_blank\" rel=\"noopener noreferrer\">+ info\u00a0<\/a><\/p><p>\u00a0<\/p><p>\u00a0<\/p><h4><b>OTTOBRE<\/b><\/h4><p>2 \u2013 Le Piano\u2019cktail, Bouguenais, Francia \u00a0 \u00a0<a href=\"https:\/\/www.pianocktail-bouguenais.fr\/fr\/agenda\/intarsi\" target=\"_blank\" rel=\"noopener noreferrer\">+ info<\/a><\/p><p>10 \u2013\u00a0<span lang=\"ES-TRAD\">Le Sablier P\u00f4le des Arts de la Marionnette en Normandie, Ifs, Francia\u00a0<\/span>\u00a0\u00a0<a href=\"https:\/\/le-sablier.org\/saison\/intarsi\/\" target=\"_blank\" rel=\"noopener noreferrer\">+ info\u00a0<\/a><\/p><p>12 \u2013\u00a0<span lang=\"ES-TRAD\">Les 3 Sc\u00e8nes, Saint-Dizier, Francia\u00a0<\/span>\u00a0\u00a0<a href=\"https:\/\/les3scenes.saint-dizier.fr\/evenement\/compagnie-de-cirque-eia-intarsi-4316.html\" target=\"_blank\" rel=\"noopener noreferrer\">+ info\u00a0<\/a><\/p><p>19 e 20 \u2013\u00a0<span lang=\"ES-TRAD\">Mon Circo Rassegna di Circo Contemporaneo, Montiglio Monferrato\u00a0<\/span>\u00a0\u00a0<a href=\"https:\/\/www.facebook.com\/rassegnamoncirco\" target=\"_blank\" rel=\"noopener noreferrer\">+ info\u00a0<\/a><\/p><p>\u00a0<\/p><p>\u00a0<\/p><h4><b>NOVEMBRE<\/b><\/h4><p>7 e 8 \u2013 Teatre Principal de Palma, Palma de Mallorca, Spagna \u00a0 \u00a0<a href=\"https:\/\/www.teatreprincipal.com\/es\/ficha\/detalle\/260\/intarsi\/\" target=\"_blank\" rel=\"noopener noreferrer\">+ info<\/a><\/p><p>10 e 11 \u2013 Auditorio de Santa Eul\u00e0ria, Santa Eul\u00e0ria des Riu, Ibiza, Spagna \u00a0 \u00a0<a href=\"http:\/\/www.santaeulalia.net\/index.php\/es\/noticias\/3112-acrobacies-i-tecniques-de-circ-per-a-un-mosaic-poetic-aquest-diumenge-al-palau-de-congressos-amb-a-intarsi-2\" target=\"_blank\" rel=\"noopener noreferrer\">+ info\u00a0<\/a><\/p><p>Dal 19 al 21 \u2013 Th\u00e9\u00e2tre Jean-Claude Carri\u00e8re @ Domaine d\u2019\u00d4, Montpellier, Francia \u00a0 \u00a0<a href=\"https:\/\/www.domainedo.fr\/spectacles\/tous-les-spectacles\/intarsi\" target=\"_blank\" rel=\"noopener noreferrer\">+ info\u00a0<\/a><\/p><p>\u00a0<\/p><p>\u00a0<\/p><h4><b>DICEMBRE<\/b><\/h4><p>3 \u2013 Espace Malraux, Jou\u00e9-l\u00e8s-Tours, Francia\u00a0 \u00a0\u00a0<a href=\"https:\/\/espacemalraux.jouelestours.fr\/saison-culturelle\/spectacles-tout-public\/intarsi-compagnie-de-cirque-eia\" target=\"_blank\" rel=\"noopener noreferrer\">+ info<\/a><\/p><p>5 e 6 \u2013 Sc\u00e8ne Nationale de l\u2019Essonne Agora-Desnos, Evry, Francia\u00a0 \u00a0\u00a0<a href=\"https:\/\/www.scenenationale-essonne.com\/spectacles-et-expositions\/intarsi\" target=\"_blank\" rel=\"noopener noreferrer\">+ info\u00a0<\/a><\/p><p>10 \u2013 Espace Culturelle La Villa, Villab\u00e9, Francia \u00a0 \u00a0<a class=\"fancybox-pdf\" href=\"https:\/\/www.villabe.net\/images\/_Villabe\/Magazines\/Guides\/Guide-culturel-2019-2020\/GUIDE%20CULTUREL%202019-2020.pdf\" target=\"_blank\" rel=\"noopener noreferrer\">+ info\u00a0<\/a><\/p><p>17 \u2013 Th\u00e9\u00e2tre Benno Besson, Yverdon-les-Bains, Svizzera\u00a0 \u00a0\u00a0<a href=\"https:\/\/www.theatrebennobesson.ch\/intarsi\" target=\"_blank\" rel=\"noopener noreferrer\">+ info<\/a><\/p><\/div>\n\t\t\t\t\t\t\t\t\t<div class=\"elementor-tab-title elementor-tab-mobile-title\" aria-selected=\"false\" data-tab=\"5\" role=\"tab\" tabindex=\"-1\" aria-controls=\"elementor-tab-content-2275\" aria-expanded=\"false\">2018<\/div>\n\t\t\t\t\t<div id=\"elementor-tab-content-2275\" class=\"elementor-tab-content elementor-clearfix\" data-tab=\"5\" role=\"tabpanel\" aria-labelledby=\"elementor-tab-title-2275\" tabindex=\"0\" hidden=\"hidden\"><h4><b>GENNAIO<\/b><\/h4><p>Dal 3 al 14 \u2013\u00a0Mercat de les Flors, Barcellona, Spagna \u00a0 \u00a0<a href=\"http:\/\/mercatflors.cat\/espectacle\/intarsi-2\/\" target=\"_blank\" rel=\"noopener noreferrer\">+ info<\/a><\/p><p>23 \u2013 Teatre Auditori de Sant Cugat, Sant Cugat, Spagna \u00a0 \u00a0<a href=\"http:\/\/tasantcugat.cat\/programacio\/espectacles#\" target=\"_blank\" rel=\"noopener noreferrer\" data-et-has-event-already=\"true\">+ info<\/a><\/p><p>28 \u2013 L\u2019Illiade,\u00a0Illkirch-Graffenstaden, Francia \u00a0 \u00a0<a href=\"http:\/\/www.illiade.com\/spectacle1718.php?id=42\" target=\"_blank\" rel=\"noopener noreferrer\">+ info<\/a><\/p><p>30 \u2013\u00a0MAC, Bishwiller, Francia \u00a0 \u00a0<a href=\"http:\/\/www.mac-bischwiller.fr\/agenda\/in-tarsi\/\" target=\"_blank\" rel=\"noopener noreferrer\">+ info<\/a><\/p><p>\u00a0<\/p><h4><b>FEBBRAIO<\/b><\/h4><p>1 \u2013 Festival Momix, Kingersheim, Francia \u00a0 \u00a0<a href=\"http:\/\/www.momix.org\/fr\/spectacle\/in-tarsi\/\" target=\"_blank\" rel=\"noopener noreferrer\">+ info<\/a><\/p><p>\u00a0<\/p><h4><b>MARZO<\/b><\/h4><p>3 e 4 \u2013 Teatro Asioli, Correggio (RE) \u00a0 \u00a0<a href=\"http:\/\/www.teatroasioli.it\/eventi\/intarsi\/\" target=\"_blank\" rel=\"noopener noreferrer\">+ info<\/a><\/p><p>\u00a0<\/p><h4><b>APRILE<\/b><\/h4><p>4 \u2013 Le Cappelia, La Chapelle-Sur-Erdre, Francia \u00a0 \u00a0<a href=\"http:\/\/www.capellia.fr\/prog\/2018-04-04\/intarsi\" target=\"_blank\" rel=\"noopener noreferrer\">+ info<\/a><\/p><p>6 \u2013 L\u2019Eldorado, Saint-Pierre-d\u2019Ol\u00e9ron, Francia \u00a0 \u00a0<a class=\"fancybox-pdf\" href=\"http:\/\/www.saintpierreoleron.com\/in-tarsi-arts-de-piste\/\" target=\"_blank\" rel=\"noopener noreferrer\">+ info<\/a><\/p><p>8 \u2013 Espace Culturel de la Hague, Beaumont-Hague, Francia \u00a0 \u00a0<a href=\"http:\/\/espacecultureldelahague.com\/saison_spectacle.php?Var=47\" target=\"_blank\" rel=\"noopener noreferrer\">+ info<\/a><\/p><p>21 \u2013 LAVA, Valladolid, Spagna \u00a0 \u00a0<a href=\"http:\/\/info.valladolid.es\/lava\/?p=9731\" target=\"_blank\" rel=\"noopener noreferrer\">+ info<\/a><\/p><p>Dal 27 al 29 \u2013 Teatro dei Piccoli, Napoli \u00a0 \u00a0<a href=\"http:\/\/www.teatrodeipiccoli.it\/event\/intarsi\/?instance_id=986\" target=\"_blank\" rel=\"noopener noreferrer\">+ info<\/a><\/p><p>\u00a0<\/p><h4><b>MAGGIO<\/b><\/h4><p>2 \u2013 Teatro dei Piccoli, Napoli \u00a0 \u00a0<a href=\"http:\/\/www.teatrodeipiccoli.it\/event\/intarsi\/?instance_id=986\" target=\"_blank\" rel=\"noopener noreferrer\">+ info<\/a><\/p><p>5 e 6 \u2013 Rotterdam Circusstad, Rotterdam, Olanda \u00a0 \u00a0<a href=\"https:\/\/circusstad.nl\/en\/program\/compania-de-circo-eia\/\" target=\"_blank\" rel=\"noopener noreferrer\">+ info<\/a><\/p><p>18 \u2013 Centro Cultural de Ovar, Portogallo \u00a0 \u00a0<a href=\"https:\/\/caovar.bol.pt\/Comprar\/Bilhetes\/59928-intarsi-centro_de_arte_de_ovar\/\" target=\"_blank\" rel=\"noopener noreferrer\">+ info<\/a><\/p><p>26 \u2013 Plaza de Josep Pla, Figueres, Spagna \u00a0 \u00a0<a href=\"https:\/\/www.figueresaescena.com\/ca\/programacio-placa-josep-pla\/dansa\" target=\"_blank\" rel=\"noopener noreferrer\">+ info<\/a><\/p><p>\u00a0<\/p><h4><b>GIUGNO<\/b><\/h4><p>1 e 2 \u2013 Festival T\u00eate-\u00e0-T\u00eate, Rastatt, Germania \u00a0 \u00a0<a href=\"http:\/\/www.tete-a-tete.de\/en\/programm\/compania-de-circo-eia\/\" target=\"_blank\" rel=\"noopener noreferrer\">+ info<\/a><\/p><p>9\u00a0\u2013 Festival Kaldearte, Vitoria, Spagna \u00a0 \u00a0<a href=\"http:\/\/www.vitoria-gasteiz.org\/we001\/was\/we001Action.do?aplicacion=wb021&amp;tabla=contenido&amp;idioma=es&amp;uid=_23a15b61_1222a40577e__7fcb\" target=\"_blank\" rel=\"noopener noreferrer\">+ info<\/a><\/p><h4>\u00a0<\/h4><h4><b>LUGLIO<\/b><\/h4><p>Dal 9 al 21 \u2013 Festival OFF d\u2019Avignon nel programma di\u00a0<em>L\u2019Occitanie Fait son Cirque en Avignon<\/em>, Francia \u00a0 \u00a0<a href=\"https:\/\/www.polecirqueverrerie.com\/avignon-2018\/\" target=\"_blank\" rel=\"noopener noreferrer\">+ info<\/a><\/p><p>\u00a0<\/p><h4><b>AGOSTO<\/b><\/h4><p>3 e 4 \u2013 Spraoi Festival, Waterford, Irlanda \u00a0 \u00a0<a href=\"https:\/\/www.spraoi.com\/company-compania-de-circo-eia\/\" target=\"_blank\" rel=\"noopener noreferrer\">+ info<\/a><\/p><p>7 e 8 \u2013 Merchant City Festival, Glasgow, UK \u00a0 \u00a0<a href=\"https:\/\/www.festival2018glasgow.com\/event\/1\/intarsi\" target=\"_blank\" rel=\"noopener noreferrer\">+ info<\/a><\/p><p>11 \u2013 Sziget Festival, Budapest, Ungheria \u00a0 \u00a0<a href=\"https:\/\/szigetfestival.com\/it\/programs#!\/p\/3712\/compania-de-circo-eia-intarsi\" target=\"_blank\" rel=\"noopener noreferrer\" data-et-has-event-already=\"true\">+ info<\/a><\/p><p>\u00a0<\/p><h4><b>SETTEMBRE<\/b><\/h4><p><span lang=\"ES-TRAD\">13 \u2013 Pavilion Theater, Worthing, UK<\/span>\u00a0\u00a0\u00a0<a href=\"https:\/\/worthingtheatres.co.uk\/show\/intarsi\/\" target=\"_blank\" rel=\"noopener noreferrer\">+ info<\/a><\/p><p><span lang=\"ES-TRAD\">15 e 16 \u2013 Out There Festival, Great Yarmouth, UK\u00a0<\/span>\u00a0\u00a0<a href=\"http:\/\/seachangearts.org.uk\/event\/intarsi\/\" target=\"_blank\" rel=\"noopener noreferrer\">+ info<\/a><\/p><p><span lang=\"EN-US\">21 \u2013 Mouth of the Tyne Festival, Whitley Bay Playhouse, UK<\/span>\u00a0\u00a0\u00a0<a href=\"http:\/\/www.playhousewhitleybay.co.uk\/events\/mouth-of-the-tyne-festival-2018-presents-circo-eia-in-tarsi\/\" target=\"_blank\" rel=\"noopener noreferrer\">+ info<\/a><\/p><p>\u00a0<\/p><h4><b>OTTOBRE<\/b><\/h4><p><span lang=\"ES-TRAD\">2 \u2013 Edge Hill University\u00a0Arts Centre, Ormskirk, UK\u00a0<\/span>\u00a0\u00a0<a href=\"https:\/\/www.edgehill.ac.uk\/events\/2018\/10\/02\/in-tarsi\/\" target=\"_blank\" rel=\"noopener noreferrer\">+ info<\/a><\/p><p><span lang=\"ES-TRAD\">5 e 6 \u2013 Nuffield Theatres, Southampton, UK<\/span>\u00a0\u00a0\u00a0<a href=\"https:\/\/www.nstheatres.co.uk\/whats-on\/intarsi\" target=\"_blank\" rel=\"noopener noreferrer\">+ info<\/a><\/p><p><span lang=\"ES-TRAD\">8 \u2013 The Lowry, Manchester, UK<\/span>\u00a0\u00a0\u00a0<a href=\"https:\/\/www.thelowry.com\/events\/intarsi\" target=\"_blank\" rel=\"noopener noreferrer\">+ info<\/a><\/p><p><span lang=\"ES-TRAD\">10 \u2013 Pontio Arts Centre, Bangor, UK\u00a0<\/span>\u00a0\u00a0<a href=\"https:\/\/www.pontio.co.uk\/Online\/default.asp\" target=\"_blank\" rel=\"noopener noreferrer\">+ info<\/a><\/p><p><span lang=\"ES-TRAD\">14 \u2013 Teatre La Sala, Argentona, Spagna\u00a0<\/span>\u00a0<a href=\"http:\/\/argentona.cat\/document.php?id=41139\" target=\"_blank\" rel=\"noopener noreferrer\">+ info<\/a><\/p><p><span lang=\"ES-TRAD\">19 \u2013 The Civic, Barnsley, UK<\/span>\u00a0\u00a0<a href=\"https:\/\/www.barnsleycivic.co.uk\/events\/intarsi\" target=\"_blank\" rel=\"noopener noreferrer\">+ info<\/a><\/p><p><span lang=\"ES-TRAD\">27 e 28 \u2013 Arts Depot, Londra, UK\u00a0<\/span>\u00a0<a href=\"https:\/\/www.artsdepot.co.uk\/family-circus\/intarsi\" target=\"_blank\" rel=\"noopener noreferrer\">+ info<\/a><\/p><p>\u00a0<\/p><h4><b>NOVEMBRE<\/b><\/h4><p><span lang=\"ES-TRAD\">3 \u2013 Festival de Teatro @ Serantes Kultur Aretoa, Santurtzi, Spagna\u00a0<\/span>\u00a0\u00a0<a href=\"https:\/\/www.serantes.com\/agenda\/detalle.php?id=974\" target=\"_blank\" rel=\"noopener noreferrer\">+ info<\/a><\/p><p><span lang=\"ES-TRAD\">Dal 12 al 17 \u2013 Biennale CINARS 2018, Montr\u00e9al, Canada<\/span>\u00a0 \u00a0<a href=\"https:\/\/cinars.org\/en\/biennale\/events\/intarsi-1572\" target=\"_blank\" rel=\"noopener noreferrer\">+ info<\/a><\/p><p><span lang=\"ES-TRAD\">29 \u2013 Teatre Serrano, Gandia, Spagna<\/span>\u00a0 \u00a0<a href=\"https:\/\/www.guiadelocio.com\/valencia-valencia\/teatro-y-danza\/intarsi-en-teatre-serrano\" target=\"_blank\" rel=\"noopener noreferrer\">+ info<\/a><\/p><p>\u00a0<\/p><h4><b>DICEMBRE<\/b><\/h4><p><span lang=\"ES-TRAD\">1 \u2013 Teatro del Bosque, M\u00f3stoles, Spagna\u00a0<\/span>\u00a0\u00a0<a href=\"https:\/\/www.mostoles.es\/culturaenmostoles\/es\/agenda-actividades\/intarsi-teatro-bosque\" target=\"_blank\" rel=\"noopener noreferrer\">+ info<\/a><\/p><p><span lang=\"ES-TRAD\">6 e 7 \u2013 Festival EnCirqu\u00e9 #2 @Th\u00e9\u00e2tre Les Halles, Sierre, Svizzera<\/span>\u00a0 \u00a0<a href=\"https:\/\/www.tlh-sierre.ch\/evenements\/intarsi\" target=\"_blank\" rel=\"noopener noreferrer\">+ info<\/a><\/p><p><span lang=\"ES-TRAD\">27 \u2013 Bastero Kulturgunea, Andoain, Spagna<\/span>\u00a0 \u00a0<a href=\"http:\/\/www.bastero.eus\/es\/ekitaldia\/eia-circo\/\" target=\"_blank\" rel=\"noopener noreferrer\">+ info<\/a><\/p><p>28 \u2013 Teatro Social Antzokia, Basauri, Spagna \u00a0\u00a0<a href=\"http:\/\/socialantzokia.eus\/espectaculo\/intarsi-circo-eia-4\/\" target=\"_blank\" rel=\"noopener noreferrer\">+ info<\/a><\/p><\/div>\n\t\t\t\t\t\t\t\t\t<div class=\"elementor-tab-title elementor-tab-mobile-title\" aria-selected=\"false\" data-tab=\"6\" role=\"tab\" tabindex=\"-1\" aria-controls=\"elementor-tab-content-2276\" aria-expanded=\"false\">2017<\/div>\n\t\t\t\t\t<div id=\"elementor-tab-content-2276\" class=\"elementor-tab-content elementor-clearfix\" data-tab=\"6\" role=\"tabpanel\" aria-labelledby=\"elementor-tab-title-2276\" tabindex=\"0\" hidden=\"hidden\"><h4><strong>APRILE<\/strong><\/h4><p>Dal 18 al 20 \u2013 Canvas Showcase, in collaborazione con\u00a0<a class=\"fancybox-pdf\" href=\"http:\/\/www.catalanarts.cat\/web\/sites\/default\/files\/CatalanArts_at_Canvas_London_2017.pdf\" target=\"_blank\" rel=\"noopener noreferrer\">CatalanArts!<\/a>, Londra, UK \u00a0\u00a0<a href=\"http:\/\/www.canvas-london.org.uk\/\" target=\"_blank\" rel=\"noopener noreferrer\">+ info<\/a><\/p><p>22 \u2013 Teatre Municipal de l\u2019Escorxador, Lleida, Spagna \u00a0 \u00a0<a href=\"http:\/\/www.teatreescorxador.com\/412\/3\/familiars\/intarsi\/\" target=\"_blank\" rel=\"noopener noreferrer\">+ info<\/a><\/p><p>27 \u2013 Teatro Circo Murcia, Murcia, Spagna \u00a0 \u00a0\u00a0<a href=\"http:\/\/www.teatrocircomurcia.es\/programacion\/title\/inTarsi+\/fecha\/2017-04-27\/autor\/view\/evento\/812\" target=\"_blank\" rel=\"noopener noreferrer\">+ info<\/a><\/p><p>29 \u2013 Factoria d\u2019Arts Esc\u00e8niques, Banyoles, Spagna \u00a0 \u00a0<a href=\"http:\/\/cultura.banyoles.cat\/ca\/programacio\/c\/3244-intarsi.html\" target=\"_blank\" rel=\"noopener noreferrer\">+ info<\/a><\/p><p>30 \u2013 Teatre Auditori, Granollers, Spagna \u00a0 \u00a0<a href=\"http:\/\/www.teatreauditoridegranollers.cat\/programacio\/temporades\/temporada-2016-2017\/intarsi\" target=\"_blank\" rel=\"noopener noreferrer\">+ info<\/a><\/p><h4>\u00a0<\/h4><p>\u00a0<\/p><p>\u00a0<\/p><h4><strong>MAGGIO<\/strong><\/h4><p>5 \u2013 Festival Circaire, Alcudia, Mallorca, Spagna \u00a0 \u00a0<a href=\"http:\/\/www.circaire.com\/#\" target=\"_blank\" rel=\"noopener noreferrer\" data-et-has-event-already=\"true\">+ info<\/a><\/p><p>7 \u2013 Centre Cultural de Terrassa, Terrassa, Spagna \u00a0 \u00a0<a href=\"http:\/\/www.fundacioct.cat\/es\/programacio\/companyia-de-circ-eia-%C2%B7-intarsi\/\" target=\"_blank\" rel=\"noopener noreferrer\">+ info<\/a><\/p><p>14 \u2013 Festival Chapitoscope, Cr\u00e9on, Francia \u00a0 \u00a0<a href=\"http:\/\/www.festivalchapitoscope.com\/artistes\/compagnie-eia\" target=\"_blank\" rel=\"noopener noreferrer\">+ info<\/a><\/p><p>Dal 18 al 21 \u2013 Teatro Circo Price, Madrid, Spagna \u00a0 \u00a0<a href=\"http:\/\/teatrocircoprice.es\/web\/\/index.php\/espectaculos\/view\/498\" target=\"_blank\" rel=\"noopener noreferrer\">+ info<\/a><\/p><p>26 e 27 \u2013 Festival T.A.C., Valladolid, Spagna \u00a0 \u00a0<a href=\"http:\/\/www.info.valladolid.es\/tac\/xviii-edicion\/en-espacios-publicos\/seccion-oficial?p_p_id=CompaniasTAC_WAR_CompaniasTAC&amp;p_p_lifecycle=1&amp;p_p_state=normal&amp;p_p_mode=view&amp;p_p_col_id=column-1&amp;p_p_col_count=1&amp;_CompaniasTAC_WAR_CompaniasTAC_idArticulo=360030&amp;_CompaniasTAC_WAR_CompaniasTAC_idSeccion=0&amp;_CompaniasTAC_WAR_CompaniasTAC_groupId=10167&amp;_CompaniasTAC_WAR_CompaniasTAC_idPagina=cambiar&amp;_CompaniasTAC_WAR_CompaniasTAC_javax.portlet.action=detalleCompaniaTAC\" target=\"_blank\" rel=\"noopener noreferrer\">+ info<\/a><\/p><h4>\u00a0<\/h4><p>\u00a0<\/p><p>\u00a0<\/p><h4><strong>GIUGNO<\/strong><\/h4><p>Dal 2 al 5 \u2013\u00a0Dutch Acrobatic Convention, Groningen, Olanda \u00a0 \u00a0<a href=\"https:\/\/akrobatiek.nl\/en\/\" target=\"_blank\" rel=\"noopener noreferrer\">+ info<\/a><\/p><p>10 \u2013 Teatre Auditori Felip Pedrell, Tortosa, Spagna \u00a0 \u00a0<a href=\"http:\/\/www.teatreauditoritortosa.cat\/espectacle1.php?idEsp=278&amp;c=5\" target=\"_blank\" rel=\"noopener noreferrer\">+ info<\/a><\/p><p>17 \u2013 Festival La Strada, Brescia \u00a0 \u00a0<a href=\"http:\/\/claps.lombardia.it\/spettacoli\/718-intarsi.html\" target=\"_blank\" rel=\"noopener noreferrer\">+ info<\/a><\/p><p>18 \u2013 Le Strade del Teatro, Abbiategrasso \u00a0 \u00a0<a href=\"http:\/\/www.teatrodeinavigli.com\/intarsi\/\" target=\"_blank\" rel=\"noopener noreferrer\">+ info<\/a><\/p><p>25 \u2013 Festival Lune di Teatro, Manerba del Garda \u00a0 \u00a0<a href=\"http:\/\/www.viandanze.com\/move\/teatro-e-territorio\/lune-di-teatro\/index.html\" target=\"_blank\" rel=\"noopener noreferrer\">+ info<\/a><\/p><p>28 \u2013 Festival Bilboko Kalealdia, Bilbao, Spagna \u00a0 \u00a0<a href=\"http:\/\/bilbokokalealdia.eus\/web\/es\/\" target=\"_blank\" rel=\"noopener noreferrer\">+ info<\/a><\/p><h4>\u00a0<\/h4><p>\u00a0<\/p><p>\u00a0<\/p><h4><strong>LUGLIO<\/strong><\/h4><p>1 \u2013 Con los Cinco Sentidos, Fuenlabrada, Spagna \u00a0 \u00a0<a href=\"http:\/\/www.ayto-fuenlabrada.es\/index.do?MP=2&amp;MS=15&amp;MN=2&amp;TR=C&amp;IDR=200\" target=\"_blank\" rel=\"noopener noreferrer\">+ info<\/a><\/p><p>7 \u2013 Festival ONADAnce, Palam\u00f3s, Spagna \u00a0 \u00a0<a href=\"https:\/\/lagorga.cat\/espectacle\/64\" target=\"_blank\" rel=\"noopener noreferrer\">+ info<\/a><\/p><p>Dal 10 al 14 \u2013 Tour de Piste @ MICC Montr\u00e9al Compl\u00e8tement Cirque, Montr\u00e9al, Canad\u00e0 \u00a0\u00a0<a href=\"https:\/\/montrealcompletementcirque.com\/fr\/professionnels\/activites\/tour-de-piste\/\" target=\"_blank\" rel=\"noopener noreferrer\">+ info<\/a><\/p><p>22 \u2013 Festival Ebaiola\u2019t, Esterri d\u2019Aneu, Spagna \u00a0 \u00a0<a href=\"http:\/\/www.festivalesbaiolat.cat\/\" target=\"_blank\" rel=\"noopener noreferrer\">+ info<\/a><\/p><p>29 \u2013 Festival Vaudeville Rendez-vous, Braga, Portogallo \u00a0 \u00a0<a href=\"http:\/\/teatrodadidascalia.com\/td\/vaudevillerendez-vous\/espect%C3%A1culos\/intarsi\/\" target=\"_blank\" rel=\"noopener noreferrer\">+ info<\/a><\/p><h4>\u00a0<\/h4><p>\u00a0<\/p><p>\u00a0<\/p><h4><strong>AGOSTO<\/strong><\/h4><p>3 \u2013 Les Jeudis de Larros, Gujan-Mestras, Francia \u00a0 \u00a0<a href=\"http:\/\/ville-gujanmestras.fr\/agenda\/les-jeudis-de-larros-2\" target=\"_blank\" rel=\"noopener noreferrer\">+ info<\/a><\/p><p>4 \u2013 Festival En Bastide, Villefranche-de-Rouergue, Francia \u00a0 \u00a0<a href=\"http:\/\/espaces-culturels.fr\/festival-en-bastides-2017\/\" target=\"_blank\" rel=\"noopener noreferrer\">+ info<\/a><\/p><p>6 \u2013 Festival Bastid\u2019Art, Miramont de Guyenne, Francia \u00a0 \u00a0<a href=\"https:\/\/bastidart.org\/bastidart\/\" target=\"_blank\" rel=\"noopener noreferrer\">+ info<\/a><\/p><p>23 \u2013 Au Bonheur des M\u00f4mes, Le Grand-Bornand, Francia \u00a0 \u00a0<a href=\"http:\/\/www.aubonheurdesmomes.com\/\" target=\"_blank\" rel=\"noopener noreferrer\">+ info<\/a><\/p><p>25 e 26 \u2013 Festival Spoffin, Amersfoort, Olanda \u00a0 \u00a0<a href=\"http:\/\/spoffin.eu\/festival\/overview\/production.lasso?artist_id=NTM2\" target=\"_blank\" rel=\"noopener noreferrer\">+ info<\/a><\/p><p>31 \u2013 At.tension Festival, L\u00e4rz, Germania \u00a0 \u00a0<a href=\"https:\/\/www.attension-festival.de\/en\/index.php\" target=\"_blank\" rel=\"noopener noreferrer\">+ info<\/a><\/p><h4>\u00a0<\/h4><p>\u00a0<\/p><p>\u00a0<\/p><h4><strong>SETTEMBRE<\/strong><\/h4><p>1 e 2 \u2013 At.tension Festival, L\u00e4rz, Germania \u00a0 \u00a0<a href=\"https:\/\/www.attension-festival.de\/en\/index.php\" target=\"_blank\" rel=\"noopener noreferrer\">+ info<\/a><\/p><p>7 \u2013 Auditorio Municipal, Medina del Campo, Spagna \u00a0 \u00a0<a href=\"http:\/\/www.auditoriomedinadelcampo.es\/programacion\/verFicha\/338\" target=\"_blank\" rel=\"noopener noreferrer\">+ info<\/a><\/p><p>9 \u2013 Palacio de Hielo, Jaca, Spagna \u00a0 \u00a0<a href=\"http:\/\/www.jaca.com\/agendacultural.htm\" target=\"_blank\" rel=\"noopener noreferrer\">+ info<\/a><\/p><p>12 \u2013 Gal\u00e1 \u201cCatalunya aixeca el Tel\u00f3\u201d @ Gran Teatre del Liceu, Barcellona, Spagna \u00a0 \u00a0<a href=\"http:\/\/www.liceubarcelona.cat\/es\/catalunya-aixeca-el-telo\" target=\"_blank\" rel=\"noopener noreferrer\">+ info<\/a><\/p><p>15 \u2013 Paranimf de la Universitat Jaume I, Castell\u00f3n, Spagna \u00a0 \u00a0<a href=\"http:\/\/www.uji.es\/cultura\/paranimf\/base\/reservori\/2017-3\/intarsi\/?urlRedirect=http:\/\/www.uji.es\/cultura\/paranimf\/base\/reservori\/2017-3\/intarsi\/&amp;url=\/cultura\/paranimf\/base\/reservori\/2017-3\/intarsi\/&amp;urlRedirect=http:\/\/www.uji.es\/cultura\/paranimf\/base\/reservori\/2017-3\/intarsi\/&amp;url=\/cultura\/paranimf\/base\/reservori\/2017-3\/intarsi\/\" target=\"_blank\" rel=\"noopener noreferrer\">+ info<\/a><\/p><p>16 \u2013 Festival Gaire, Pancrudo, Spagna \u00a0 \u00a0<a href=\"http:\/\/www.gaire.es\/\" target=\"_blank\" rel=\"noopener noreferrer\">+ info<\/a><\/p><p>\u00a0<\/p><p>\u00a0<\/p><p>\u00a0<\/p><h4><strong>OTTOBRE<\/strong><\/h4><p>4 \u2013 Teatro Principal, Alicante, Spagna \u00a0 \u00a0<a href=\"http:\/\/www.teatroprincipaldealicante.com\/index.php\" target=\"_blank\" rel=\"noopener noreferrer\">+ info<\/a><\/p><p>20 \u2013 \u00c9urop\u00e9enne de Cirques @ La Grainerie, Balma, Francia \u00a0 \u00a0<a href=\"http:\/\/la-grainerie.net\/programmation\/compagnie-de-cirque-eia-intarsi\/\" target=\"_blank\" rel=\"noopener noreferrer\">+ info<\/a><\/p><p>22 \u2013 Teatro del Bosque, M\u00f3stoles, Spagna \u00a0 \u00a0<a href=\"http:\/\/www.mostoles.es\/culturaenmostoles\/es\/artes-escenicas-teatro-musica-danza\/escena-ii-temporada-2017\" target=\"_blank\" rel=\"noopener noreferrer\">+ info<\/a><\/p><p>28 e 29 \u2013 Theater op de Markt, Neerpelt, Belgio \u00a0 \u00a0<a href=\"http:\/\/www.theateropdemarkt.be\/\" target=\"_blank\" rel=\"noopener noreferrer\">+ info<\/a><\/p><p>\u00a0<\/p><p>\u00a0<\/p><p>\u00a0<\/p><h4><strong>NOVEMBRE<\/strong><\/h4><p>4 \u2013 FAM 2017 @ Auditorio de Gu\u00eda de Isora, Tenerife, Spagna \u00a0 \u00a0<a href=\"http:\/\/festivaldelasartesdelmovimiento.com\/\" target=\"_blank\" rel=\"noopener noreferrer\">+info<\/a><\/p><p>11 e 12 \u2013 Teatro C\u00e1novas, M\u00e1laga, Spagna \u00a0 \u00a0<a href=\"https:\/\/www.juntadeandalucia.es\/cultura\/teatros\/teatro-canovas\/evento\/intarsi\" target=\"_blank\" rel=\"noopener noreferrer\">+ info<\/a><\/p><p>17 \u2013 Quai des Arts, Pornichet, Francia \u00a0 \u00a0<a href=\"http:\/\/quaidesarts-pornichet.fr\/saison-2017-18\/spectacles\/entry-568-intarsi.html\" target=\"_blank\" rel=\"noopener noreferrer\">+ info<\/a><\/p><p>18 \u2013 Le Grand Pr\u00e9, Langueux, Francia \u00a0 \u00a0<a href=\"https:\/\/www.legrandpre.info\/saison-culturelle\/novembre-2017\/\" target=\"_blank\" rel=\"noopener noreferrer\">+ info<\/a><\/p><p>19 \u2013 Le D\u00f4me, Saint-Av\u00e9, Francia \u00a0 \u00a0<a href=\"https:\/\/www.saint-ave.fr\/centre_culturel_le_dome.html\" target=\"_blank\" rel=\"noopener noreferrer\">+ info<\/a><\/p><p>21 \u2013 L\u2019Ath\u00e9na, Auray, Francia \u00a0 \u00a0<a href=\"http:\/\/www.auray.fr\/culture\/centre-athena\/les-spectacles\/\" target=\"_blank\" rel=\"noopener noreferrer\">+ info<\/a><\/p><p>24 \u2013 Chapiteau AFCA, Aire sur l\u2019Adour, Francia \u00a0 \u00a0<a href=\"https:\/\/www.afca-cirqueadapte.net\/ev%C3%A8nements-et-spectacles\/\" target=\"_blank\" rel=\"noopener noreferrer\">+ info<\/a><\/p><p>\u00a0<\/p><p>\u00a0<\/p><p>\u00a0<\/p><h4><strong>DICEMBRE<\/strong><\/h4><p>3 \u2013 Teatro Principal de Zaragoza, Saragozza, Spagna \u00a0 \u00a0<a href=\"http:\/\/www.teatroprincipalzaragoza.com\/repre.php?id=1150\" target=\"_blank\" rel=\"noopener noreferrer\">+ info<\/a><\/p><p>16 \u2013 Sala Gazteszena C.C. Egia, San Sebasti\u00e1n, Spagna \u00a0 \u00a0<a href=\"https:\/\/www.donostiakultura.eus\/index.php?option=com_flexicontent&amp;view=items&amp;cid=5&amp;id=66901&amp;Itemid=312&amp;lang=es\" target=\"_blank\" rel=\"noopener noreferrer\">+ info<\/a><\/p><p>Dal 21 al 27 \u2013 Mercat de les Flors, Barcellona, Spagna \u00a0 \u00a0<a href=\"http:\/\/mercatflors.cat\/espectacle\/intarsi-2\/\" target=\"_blank\" rel=\"noopener noreferrer\">+ info<\/a><\/p><p>Dal 29 al 31 \u2013\u00a0Tollhaus Karlsruhe, Germania \u00a0 \u00a0<a href=\"https:\/\/www.tollhaus.de\/de\/data\/termin\/2378\/compania-de-circo-eia.html\" target=\"_blank\" rel=\"noopener noreferrer\">+ info<\/a><\/p><\/div>\n\t\t\t\t\t\t\t\t\t<div class=\"elementor-tab-title elementor-tab-mobile-title\" aria-selected=\"false\" data-tab=\"7\" role=\"tab\" tabindex=\"-1\" aria-controls=\"elementor-tab-content-2277\" aria-expanded=\"false\">2016<\/div>\n\t\t\t\t\t<div id=\"elementor-tab-content-2277\" class=\"elementor-tab-content elementor-clearfix\" data-tab=\"7\" role=\"tabpanel\" aria-labelledby=\"elementor-tab-title-2277\" tabindex=\"0\" hidden=\"hidden\"><h4><b>FEBBRAIO<\/b><\/h4><p>21 \u2013 Presentazione pubblica al Teatre de Salt \u2013\u00a0<em>Anteprima \u00a0\u00a0<\/em><a href=\"http:\/\/www.teatredesalt.net\/index.php\/programacio\/teatre-musica-i-dansa\/101-familiar-2016\/258-intarsi\" target=\"_blank\" rel=\"noopener noreferrer\">+ info<\/a><\/p><p>27 \u2013 Presentazione pubblica al Teatro di L\u2019Estruch, Sabadell \u2013\u00a0<em>Anteprima \u00a0\u00a0<\/em><a href=\"http:\/\/www.lestruch.cat\/#escenaestruch_996\" target=\"_blank\" rel=\"noopener noreferrer\" data-et-has-event-already=\"true\">+ info<\/a><\/p><p>\u00a0<\/p><p>\u00a0<\/p><h4><b>MARZO<\/b><\/h4><p>4 \u2013 La Central del Circ, Barcellona \u00a0\u2013\u00a0<em>Anteprima \u00a0\u00a0<\/em><a href=\"http:\/\/www.lacentraldelcirc.cat\/activitats\/preestrenes\/?lang=es\" target=\"_blank\" rel=\"noopener noreferrer\">+ info<\/a><\/p><p>8-9 \u2013 Festival UP! @ Th\u00e9\u00e2tre 140, Bruxelles, Belgio \u2013\u00a0<em>Anteprima \u00a0\u00a0<\/em><a href=\"http:\/\/cirk.be\/creation\/agendas\/FR\/UP_intarsi\" target=\"_blank\" rel=\"noopener noreferrer\">+ info<\/a><\/p><p>\u00a0<\/p><p>\u00a0<\/p><h4><b>APRILE<\/b><\/h4><p>2 \u2013 Festival Cit\u00e9 @ Teatro Concordia, Venaria Reale \u2013\u00a0<em>Anteprima Italiana! \u00a0\u00a0<\/em><a href=\"http:\/\/www.flicscuolacirco.it\/portfolio\/intarsi-compania-de-circo-eia\/\" target=\"_blank\" rel=\"noopener noreferrer\">+ info<\/a><\/p><p>15 \u2013 Presentazione pubblica @ Harri Xuri, Louhossoa, Francia \u2013\u00a0<em>Anteprima \u00a0\u00a0<\/em><a href=\"http:\/\/www.errobi.fr\/fr\/culture\/hameka\/le-programme\/rencontres-avec-le-public\/15042016-20h30-intarsi-compania-de-circo-eia.html\" target=\"_blank\" rel=\"noopener noreferrer\">+ info<\/a><\/p><p>Dal 22 al 24 \u2013 Circ d\u2019ara Mateix @ Mercat de les Flors, Barcellona \u2013\u00a0<em>PREMI\u00c8RE! \u00a0\u00a0<\/em><a href=\"http:\/\/mercatflors.cat\/espectacle\/intarsi\/\" target=\"_blank\" rel=\"noopener noreferrer\">+ info<\/a><\/p><p>\u00a0<\/p><p>\u00a0<\/p><h4><b>MAGGIO<\/b><\/h4><p>5 e 6 \u2013 Festival Pisteurs d\u2019\u00c9toiles, Obernai, Francia \u00a0\u00a0<a href=\"http:\/\/www.pisteursdetoiles.com\/spectacles\/intarsi\/\" target=\"_blank\" rel=\"noopener noreferrer\">+ info<\/a><\/p><p>Dal 13 al 15 \u2013 Trapezi Fira del Circ de Catalunya @ Teatre Bartrina, Reus, Spagna \u00a0\u00a0<a href=\"http:\/\/www.trapezi.cat\/companyies\/companyia-de-circ-eia\/\" target=\"_blank\" rel=\"noopener noreferrer\">+ info<\/a><\/p><p>20 \u2013 La Vela de L\u2019Estruch, Sabadell, Spagna \u00a0\u00a0<a href=\"http:\/\/www.lestruch.cat\/#escenaestruch_1064\" target=\"_blank\" rel=\"noopener noreferrer\" data-et-has-event-already=\"true\">+ info<\/a><\/p><p>\u00a0<\/p><p>\u00a0<\/p><h4><b>LUGLIO<\/b><\/h4><p>17 \u2013 Fira de Circ de La Bisbal, La Bisbal d\u2019Empord\u00e0, Spagna \u00a0 \u00a0<a href=\"http:\/\/firadecirc.org\/\" target=\"_blank\" rel=\"noopener noreferrer\">+ info<\/a><\/p><p>21 \u2013 Festival Deltebre Dansa, Deltebre, Spagna \u00a0\u00a0<a href=\"http:\/\/www.deltebredansa.cat\/es-intarsi\/\" target=\"_blank\" rel=\"noopener noreferrer\">+ info<\/a><\/p><p>24 \u2013 Los Veranos de la Villa, Madrid \u00a0\u00a0<a href=\"http:\/\/www.veranosdelavilla.com\/es\/evento\/82\/velada-de-circo-la-industrial-teatrera-compania-de-circo-eia-taller-de-trapecio-volante\" target=\"_blank\" rel=\"noopener noreferrer\">+ info<\/a><\/p><p>\u00a0<\/p><p>\u00a0<\/p><h4><b>AGOSTO<\/b><\/h4><p>Dal 4 al 6 \u2013 Fest\u2019Arts, Libourne, Francia \u00a0\u00a0<a href=\"http:\/\/www.festarts.com\/programme\/les-compagnies-2016\/compagnie-de-cirque-eia\/\" target=\"_blank\" rel=\"noopener noreferrer\">+ info<\/a><\/p><p>\u00a0<\/p><p>\u00a0<\/p><h4><b>SETTEMBRE<\/b><\/h4><p>2 e 3 \u2013 Tutti Matti per Colorno, Colorno \u00a0\u00a0<a href=\"http:\/\/www.tuttimattipercolorno.it\/index.php\/artisti\/artisti-edizione-2016\/item\/181-compagnia-eia\" target=\"_blank\" rel=\"noopener noreferrer\">\u00a0+ info<\/a><\/p><p>8 e 9 \u2013 Dinamico Festival, Reggio Emilia \u00a0 \u00a0<a href=\"http:\/\/www.dinamicofestival.it\/#!spettacoli\/dsuk7\" target=\"_blank\" rel=\"noopener noreferrer\" data-et-has-event-already=\"true\">+ info<\/a><\/p><p>10 e 11 \u2013 Fira T\u00e0rrega, T\u00e0rrega, Spagna \u00a0\u00a0<a href=\"http:\/\/www.firatarrega.cat\/fira\/programa\/es_2016\/44\/intarsi\" target=\"_blank\" rel=\"noopener noreferrer\">+ info<\/a><\/p><p>Dal 23 al 25 \u2013 Cirk Fantastik, Firenze \u00a0<em>\u00a0<\/em><a href=\"http:\/\/www.cirkfantastik.com\/listing\/intarsi\/\" target=\"_blank\" rel=\"noopener noreferrer\">+ info<\/a><\/p><p>\u00a0<\/p><p>\u00a0<\/p><h4><b>OTTOBRE<\/b><\/h4><p>1 \u2013 Temporada Alta @ Teatre de Salt, Salt, Spagna \u00a0\u00a0<a href=\"http:\/\/www.temporada-alta.net\/es\/programacion\/493-intarsi.html\" target=\"_blank\" rel=\"noopener noreferrer\">+ info<\/a><\/p><p>12 \u2013 La Batoude, Beauveais, Francia \u00a0\u00a0<a href=\"http:\/\/courbet.wixsite.com\/2016-2017\/copie-de-cie-du-fil-a-retordre-1\" target=\"_blank\" rel=\"noopener noreferrer\">+ info<\/a><\/p><p>14 e 15 \u2013 Festival De Betovering, Den Haag, Olanda \u00a0\u00a0<a href=\"http:\/\/www.debetovering.nl\/programma\/op-datum\/intarsi?id=1030\" target=\"_blank\" rel=\"noopener noreferrer\">+ info<\/a><\/p><p>21 e 22 \u2013 Europ\u00e9enne de Cirques, La Grainerie, Balma, Francia \u00a0\u00a0<a href=\"http:\/\/www.la-grainerie.net\/programmation\/europeenne-de-cirques-2016\/compagnie-de-cirque-eia-intarsi.html\" target=\"_blank\" rel=\"noopener noreferrer\">+ info<\/a><\/p><p>\u00a0<\/p><p>\u00a0<\/p><h4><b>NOVEMBRE<\/b><\/h4><p>5 \u2013 Atelier Culturel de Landerneau, Landerneau, Francia \u00a0\u00a0<a href=\"http:\/\/www.atelier-culturel.fr\/spip.php?article131\" target=\"_blank\" rel=\"noopener noreferrer\">+ info<\/a><\/p><p>18 \u2013 Auditori de Cornell\u00e0, Cornell\u00e0, Spagna \u00a0\u00a0<a href=\"http:\/\/www.auditoricornella.com\/#!intarsi\/wzjzx\" target=\"_blank\" rel=\"noopener noreferrer\" data-et-has-event-already=\"true\">+ info<\/a><\/p><p>20 \u2013 Auditori de Vilafranca del Pened\u00e8s, Spagna \u00a0\u00a0<a href=\"http:\/\/teatrecalbolet.vilafranca.cat\/221\/1\/teatre\/intarsi\/\" target=\"_blank\" rel=\"noopener noreferrer\">+ info<\/a><\/p><p>25 \u2013 Teatre Kursaal, Manresa, Spagna \u00a0\u00a0<a href=\"http:\/\/www.kursaal.cat\/index.php\/acts\/show\/25-11-2016-0900h-intarsi\" target=\"_blank\" rel=\"noopener noreferrer\">+ info<\/a><\/p><p>27 \u2013 Teatro Bret\u00f3n de los Herreros, Logro\u00f1o, Spagna \u00a0\u00a0<a href=\"http:\/\/www.teatrobreton.org\/evento.asp?evento=685\" target=\"_blank\" rel=\"noopener noreferrer\">+ info<\/a><\/p><p>\u00a0<\/p><p>\u00a0<\/p><h4><b>DICEMBRE<\/b><\/h4><p>2 \u2013 Sala Harri Xuri, Louhossoa, Francia \u00a0\u00a0<em>\u00a0<\/em><a class=\"fancybox-pdf\" href=\"http:\/\/www.errobi.fr\/fileadmin\/images\/bandeaux_hameka\/Hameka_16-17_liburuxka01_WEB_EXE.pdf\" target=\"_blank\" rel=\"noopener noreferrer\">+ info<\/a><\/p><p>3 \u2013 Teatro Cervantes, Arnedo, Spagna \u00a0 \u00a0<a href=\"http:\/\/www.arnedo.com\/al_dia\/agenda\/evento\/2016-10-05-circo-in-tarsi.html\" target=\"_blank\" rel=\"noopener noreferrer\">+ info<\/a><\/p><p>9 e 10 \u2013 St\u00f6ra Teater, G\u00f6teborg, Svezia \u00a0 \u00a0<a href=\"http:\/\/storateatern.se\/sv\/program\/circo-eia\/?date=1612090700\" target=\"_blank\" rel=\"noopener noreferrer\">+ info<\/a><\/p><p>17 \u2013 Teatre Principal de Olot, Olot, Spagna \u00a0 \u00a0<a href=\"http:\/\/www.agendaolot.cat\/event\/in-tarsi-companyia-de-circ-eia\/\" target=\"_blank\" rel=\"noopener noreferrer\">+ info<\/a><\/p><p>18 \u2013 Teatre Principal de Vilanova, Vilanova i la Geltr\u00f9, Spagna \u00a0 \u00a0<a href=\"http:\/\/www.elprincipal.cat\/523\/4\/altres\/intarsi\/\" target=\"_blank\" rel=\"noopener noreferrer\">+ info<\/a><\/p><\/div>\n\t\t\t\t\t\t\t\t\t<div class=\"elementor-tab-title elementor-tab-mobile-title\" aria-selected=\"false\" data-tab=\"8\" role=\"tab\" tabindex=\"-1\" aria-controls=\"elementor-tab-content-2278\" aria-expanded=\"false\">2015<\/div>\n\t\t\t\t\t<div id=\"elementor-tab-content-2278\" class=\"elementor-tab-content elementor-clearfix\" data-tab=\"8\" role=\"tabpanel\" aria-labelledby=\"elementor-tab-title-2278\" tabindex=\"0\" hidden=\"hidden\"><h4><strong>SETTEMBRE<\/strong><\/h4><p>Dal 14 al 30 \u2013 Residenza a La Vela de l\u2019Estruch, Sabadell, Spagna<\/p><p>\u00a0<\/p><p>\u00a0<\/p><h4><strong>OTTOBRE<\/strong><\/h4><p>Dall\u20191 al 31 \u2013 Residenza a La Vela de l\u2019Estruch, Sabadell, Spagna<\/p><p>21 \u2013 Pr\u00e9sentation de Projet @ CiRCa, Auch, Francia<\/p><p>\u00a0<\/p><p>\u00a0<\/p><h4><strong>NOVEMBRE<\/strong><\/h4><p>Dall\u20191 all\u20198 \u2013 Residenza a La Vela de l\u2019Estruch, Sabadell, Spagna<\/p><p>5 \u2013 Presentazione work in progress @ La Vela de l\u2019Estruch, Spagna<\/p><p>Dal 16 al 25 \u2013 Residenza a La Grainerie, Toulouse, Francia<\/p><p>24 \u2013 Presentazione \u201cCirque en Chantier\u201d @ La Grainerie, Toulouse, Francia<\/p><\/div>\n\t\t\t\t\t\t\t<\/div>\n\t\t<\/div>\n\t\t\t\t\t\t<\/div>\n\t\t\t\t<\/div>\n\t\t\t\t\t<\/div>\n\t\t<\/div>\n\t\t\t\t\t<\/div>\n\t\t<\/section>\n\t\t\t\t\t<\/div>\n\t\t<\/div>\n\t\t\t\t\t<\/div>\n\t\t<\/section>\n\t\t\t\t<section class=\"elementor-section elementor-top-section elementor-element elementor-element-73035e3 elementor-section-boxed elementor-section-height-default elementor-section-height-default\" data-id=\"73035e3\" data-element_type=\"section\" data-e-type=\"section\" id=\"contactar\" data-settings=\"{&quot;background_background&quot;:&quot;classic&quot;}\">\n\t\t\t\t\t\t<div class=\"elementor-container elementor-column-gap-default\">\n\t\t\t\t\t<div class=\"aux-parallax-section elementor-column elementor-col-100 elementor-top-column elementor-element elementor-element-5a4de9f\" data-id=\"5a4de9f\" data-element_type=\"column\" data-e-type=\"column\">\n\t\t\t<div class=\"elementor-widget-wrap elementor-element-populated\">\n\t\t\t\t\t\t<div class=\"elementor-element elementor-element-8e2c814 elementor-widget elementor-widget-spacer\" data-id=\"8e2c814\" data-element_type=\"widget\" data-e-type=\"widget\" data-widget_type=\"spacer.default\">\n\t\t\t\t<div class=\"elementor-widget-container\">\n\t\t\t\t\t\t\t<div class=\"elementor-spacer\">\n\t\t\t<div class=\"elementor-spacer-inner\"><\/div>\n\t\t<\/div>\n\t\t\t\t\t\t<\/div>\n\t\t\t\t<\/div>\n\t\t\t\t\t<\/div>\n\t\t<\/div>\n\t\t\t\t\t<\/div>\n\t\t<\/section>\n\t\t\t\t<section class=\"elementor-section elementor-top-section elementor-element elementor-element-51e53ab elementor-section-height-min-height elementor-section-content-top elementor-section-boxed elementor-section-height-default elementor-section-items-middle\" data-id=\"51e53ab\" data-element_type=\"section\" data-e-type=\"section\" data-settings=\"{&quot;background_background&quot;:&quot;classic&quot;}\">\n\t\t\t\t\t\t<div class=\"elementor-container elementor-column-gap-wide\">\n\t\t\t\t\t<div class=\"aux-parallax-section elementor-column elementor-col-50 elementor-top-column elementor-element elementor-element-d565d13\" data-id=\"d565d13\" data-element_type=\"column\" data-e-type=\"column\" data-settings=\"{&quot;background_background&quot;:&quot;classic&quot;}\">\n\t\t\t<div class=\"elementor-widget-wrap elementor-element-populated\">\n\t\t\t\t\t\t<div class=\"elementor-element elementor-element-fe75d08 aux-appear-watch-animation aux-fade-in-right-1 elementor-widget elementor-widget-aux_modern_heading\" data-id=\"fe75d08\" data-element_type=\"widget\" data-e-type=\"widget\" data-widget_type=\"aux_modern_heading.default\">\n\t\t\t\t<div class=\"elementor-widget-container\">\n\t\t\t\t\t<section class=\"aux-widget-modern-heading\">\n            <div class=\"aux-widget-inner\"><p class=\"aux-modern-heading-primary\">CONTATTO<\/p><\/div>\n        <\/section>\t\t\t\t<\/div>\n\t\t\t\t<\/div>\n\t\t\t\t<div class=\"elementor-element elementor-element-661ed73 elementor-widget elementor-widget-text-editor\" data-id=\"661ed73\" data-element_type=\"widget\" data-e-type=\"widget\" data-widget_type=\"text-editor.default\">\n\t\t\t\t<div class=\"elementor-widget-container\">\n\t\t\t\t\t\t\t\t\t<h3>Compa\u00f1\u00eda de Circo &quot;eia&quot; &#8211; inTarsi<\/h3>\n<h4>Fabrizio Giannini<\/h4>\nT &#8211; <a href=\"tel:+34625722067\">+34 625 72 20 67<\/a><br><br>\n\nE &#8211; <a href=\"mailto:inTarsi@circoeia.com\">inTarsi@circoeia.com<\/a><br><br>\t\t\t\t\t\t\t\t<\/div>\n\t\t\t\t<\/div>\n\t\t\t\t<div class=\"elementor-element elementor-element-743852a elementor-widget elementor-widget-aux_contact_form\" data-id=\"743852a\" data-element_type=\"widget\" data-e-type=\"widget\" data-widget_type=\"aux_contact_form.default\">\n\t\t\t\t<div class=\"elementor-widget-container\">\n\t\t\t\t\t<section class=\"widget-container aux-widget-contact-form aux-parent-au4f395d69\">            <div class=\"aux-col-wrapper aux-no-gutter\">\n            <!-- @TODO - The output for element here -->\n\n            \n<div class=\"wpcf7 no-js\" id=\"wpcf7-f3250-o1\" lang=\"es-ES\" dir=\"ltr\" data-wpcf7-id=\"3250\">\n<div class=\"screen-reader-response\"><p role=\"status\" aria-live=\"polite\" aria-atomic=\"true\"><\/p> <ul><\/ul><\/div>\n<form action=\"\/it\/wp-json\/wp\/v2\/pages\/16133#wpcf7-f3250-o1\" method=\"post\" class=\"wpcf7-form init\" aria-label=\"Formulario de contacto\" novalidate=\"novalidate\" data-status=\"init\">\n<fieldset class=\"hidden-fields-container\"><input type=\"hidden\" name=\"_wpcf7\" value=\"3250\" \/><input type=\"hidden\" name=\"_wpcf7_version\" value=\"6.1.5\" \/><input type=\"hidden\" name=\"_wpcf7_locale\" value=\"es_ES\" \/><input type=\"hidden\" name=\"_wpcf7_unit_tag\" value=\"wpcf7-f3250-o1\" \/><input type=\"hidden\" name=\"_wpcf7_container_post\" value=\"0\" \/><input type=\"hidden\" name=\"_wpcf7_posted_data_hash\" value=\"\" \/><input type=\"hidden\" name=\"_wpcf7_recaptcha_response\" value=\"\" \/>\n<\/fieldset>\n<p><label> <span class=\"wpcf7-form-control-wrap\" data-name=\"text-117\"><input size=\"40\" maxlength=\"400\" class=\"wpcf7-form-control wpcf7-text\" aria-invalid=\"false\" placeholder=\"Nome\" value=\"\" type=\"text\" name=\"text-117\" \/><\/span> <\/label>\n<\/p>\n<p><label> <span class=\"wpcf7-form-control-wrap\" data-name=\"email-494\"><input size=\"40\" maxlength=\"400\" class=\"wpcf7-form-control wpcf7-email wpcf7-text wpcf7-validates-as-email\" aria-invalid=\"false\" placeholder=\"Indirizzo e-mail\" value=\"\" type=\"email\" name=\"email-494\" \/><\/span> <\/label>\n<\/p>\n<p><label> <span class=\"wpcf7-form-control-wrap\" data-name=\"text-118\"><input size=\"40\" maxlength=\"400\" class=\"wpcf7-form-control wpcf7-text\" aria-invalid=\"false\" placeholder=\"Messaggio\" value=\"\" type=\"text\" name=\"text-118\" \/><\/span> <\/label><br \/>\n<span id=\"wpcf7-69ec7ac07d2fb-wrapper\" class=\"wpcf7-form-control-wrap email-16-wrap\" style=\"display:none !important; visibility:hidden !important;\"><label for=\"wpcf7-69ec7ac07d2fb-field\" class=\"hp-message\">Por favor, deja este campo vac\u00edo.<\/label><input id=\"wpcf7-69ec7ac07d2fb-field\"  class=\"wpcf7-form-control wpcf7-text\" type=\"text\" name=\"email-16\" value=\"\" size=\"40\" tabindex=\"-1\" autocomplete=\"new-password\" \/><\/span><br \/>\n<input class=\"wpcf7-form-control wpcf7-submit has-spinner\" type=\"submit\" value=\"Invia\" \/>\n<\/p><p style=\"display: none !important;\" class=\"akismet-fields-container\" data-prefix=\"_wpcf7_ak_\"><label>&#916;<textarea name=\"_wpcf7_ak_hp_textarea\" cols=\"45\" rows=\"8\" maxlength=\"100\"><\/textarea><\/label><input type=\"hidden\" id=\"ak_js_1\" name=\"_wpcf7_ak_js\" value=\"18\"\/><script>\ndocument.getElementById( \"ak_js_1\" ).setAttribute( \"value\", ( new Date() ).getTime() );\n<\/script>\n<\/p><div class=\"wpcf7-response-output\" aria-hidden=\"true\"><\/div>\n<\/form>\n<\/div>\n\n\n            <\/div><!-- aux-col-wrapper -->\n    <\/section><!-- widget-container -->\t\t\t\t<\/div>\n\t\t\t\t<\/div>\n\t\t\t\t\t<\/div>\n\t\t<\/div>\n\t\t\t\t<div class=\"aux-parallax-section elementor-column elementor-col-50 elementor-top-column elementor-element elementor-element-002e9cd\" data-id=\"002e9cd\" data-element_type=\"column\" data-e-type=\"column\">\n\t\t\t<div class=\"elementor-widget-wrap elementor-element-populated\">\n\t\t\t\t\t\t<div class=\"aux-scroll-anim elementor-element elementor-element-ba42b65 elementor-widget elementor-widget-image\" data-move-in=\"\" data-move-out=\"\" data-axis-x=\"200\" data-axis-y=\"800\" data-rotate=\"90\" data-scale=\"1\" data-vp-top=\"0\" data-vp-bot=\"1\" data-el-top=\"0\" data-scroll-animation-off=\"1024\" data-id=\"ba42b65\" data-element_type=\"widget\" data-e-type=\"widget\" data-widget_type=\"image.default\">\n\t\t\t\t<div class=\"elementor-widget-container\">\n\t\t\t\t\t\t\t\t\t\t\t\t\t\t\t<img fetchpriority=\"high\" decoding=\"async\" width=\"702\" height=\"1000\" src=\"https:\/\/www.circoeia.com\/wp-content\/uploads\/2020\/10\/intarsi-prensa-2.jpg\" class=\"attachment-large size-large wp-image-2097\" alt=\"\" \/>\t\t\t\t\t\t\t\t\t\t\t\t\t\t\t<\/div>\n\t\t\t\t<\/div>\n\t\t\t\t\t<\/div>\n\t\t<\/div>\n\t\t\t\t\t<\/div>\n\t\t<\/section>\n\t\t\t\t<section class=\"elementor-section elementor-top-section elementor-element elementor-element-83f00aa elementor-hidden-phone elementor-section-boxed elementor-section-height-default elementor-section-height-default\" data-id=\"83f00aa\" data-element_type=\"section\" data-e-type=\"section\">\n\t\t\t\t\t\t<div class=\"elementor-container elementor-column-gap-default\">\n\t\t\t\t\t<div class=\"aux-parallax-section elementor-column elementor-col-100 elementor-top-column elementor-element elementor-element-4d60a8d\" data-id=\"4d60a8d\" data-element_type=\"column\" data-e-type=\"column\">\n\t\t\t<div class=\"elementor-widget-wrap elementor-element-populated\">\n\t\t\t\t\t\t<div class=\"elementor-element elementor-element-69250b4 elementor-widget elementor-widget-text-editor\" data-id=\"69250b4\" data-element_type=\"widget\" data-e-type=\"widget\" data-widget_type=\"text-editor.default\">\n\t\t\t\t<div class=\"elementor-widget-container\">\n\t\t\t\t\t\t\t\t\t<p style=\"text-align: center;\">Con il supporto di:<\/p>\t\t\t\t\t\t\t\t<\/div>\n\t\t\t\t<\/div>\n\t\t\t\t<div class=\"elementor-element elementor-element-06ceb23 elementor-widget elementor-widget-image\" data-id=\"06ceb23\" data-element_type=\"widget\" data-e-type=\"widget\" data-widget_type=\"image.default\">\n\t\t\t\t<div class=\"elementor-widget-container\">\n\t\t\t\t\t\t\t\t\t\t\t\t\t\t\t<img decoding=\"async\" width=\"1600\" height=\"134\" src=\"https:\/\/www.circoeia.com\/wp-content\/uploads\/2020\/10\/logos-soporte.jpg\" class=\"attachment-full size-full wp-image-1577\" alt=\"\" srcset=\"https:\/\/www.circoeia.com\/wp-content\/uploads\/2020\/10\/logos-soporte.jpg 1600w, https:\/\/www.circoeia.com\/wp-content\/uploads\/2020\/10\/logos-soporte-1536x129.jpg 1536w\" sizes=\"(max-width: 1600px) 100vw, 1600px\" \/>\t\t\t\t\t\t\t\t\t\t\t\t\t\t\t<\/div>\n\t\t\t\t<\/div>\n\t\t\t\t\t<\/div>\n\t\t<\/div>\n\t\t\t\t\t<\/div>\n\t\t<\/section>\n\t\t\t\t<section class=\"elementor-section elementor-top-section elementor-element elementor-element-f33971d elementor-hidden-desktop elementor-hidden-tablet elementor-section-boxed elementor-section-height-default elementor-section-height-default\" data-id=\"f33971d\" data-element_type=\"section\" data-e-type=\"section\">\n\t\t\t\t\t\t<div class=\"elementor-container elementor-column-gap-default\">\n\t\t\t\t\t<div class=\"aux-parallax-section elementor-column elementor-col-100 elementor-top-column elementor-element elementor-element-5bab360\" data-id=\"5bab360\" data-element_type=\"column\" data-e-type=\"column\">\n\t\t\t<div class=\"elementor-widget-wrap elementor-element-populated\">\n\t\t\t\t\t\t<div class=\"elementor-element elementor-element-3dbc923 elementor-widget elementor-widget-text-editor\" data-id=\"3dbc923\" data-element_type=\"widget\" data-e-type=\"widget\" data-widget_type=\"text-editor.default\">\n\t\t\t\t<div class=\"elementor-widget-container\">\n\t\t\t\t\t\t\t\t\t<p style=\"text-align: center;\">Con il supporto di:<\/p>\t\t\t\t\t\t\t\t<\/div>\n\t\t\t\t<\/div>\n\t\t\t\t<div class=\"elementor-element elementor-element-9497606 elementor-widget elementor-widget-image\" data-id=\"9497606\" data-element_type=\"widget\" data-e-type=\"widget\" data-widget_type=\"image.default\">\n\t\t\t\t<div class=\"elementor-widget-container\">\n\t\t\t\t\t\t\t\t\t\t\t\t\t\t\t<img decoding=\"async\" width=\"800\" height=\"663\" src=\"https:\/\/www.circoeia.com\/wp-content\/uploads\/2020\/10\/logos-soporte-mobile.jpg\" class=\"attachment-large size-large wp-image-1697\" alt=\"\" \/>\t\t\t\t\t\t\t\t\t\t\t\t\t\t\t<\/div>\n\t\t\t\t<\/div>\n\t\t\t\t\t<\/div>\n\t\t<\/div>\n\t\t\t\t\t<\/div>\n\t\t<\/section>\n\t\t\t\t<\/div>\n\t\t","protected":false},"excerpt":{"rendered":"<p>TOUR EVENTI PASSATI 2022 2021 2020 2019 2018 2017 2016 2015 2022 LUGLIO 1 \u2013 Ateneu Popular 9 Barris, Barcellona (ultima esibizione) 2021 GIUGNO 6 \u2013 Animatis, Issoire, Francia 9 \u2013 Le Cube, Lieusaint, Francia 12 e 13 \u2013 Cirkulacjia Festival, Kaunas, Lituania \u00a0 LUGLIO 6 \u2013 Festival des 7 Collines, Saint-\u00c9tienne, Francia\u00a0\u00a0 \u00a0 SETTEMBRE [&hellip;]<\/p>\n","protected":false},"author":1,"featured_media":0,"parent":3221,"menu_order":0,"comment_status":"closed","ping_status":"closed","template":"templates\/page-builder-content.php","meta":{"footnotes":""},"class_list":["post-16133","page","type-page","status-publish","hentry"],"yoast_head":"<!-- This site is optimized with the Yoast SEO plugin v27.0 - https:\/\/yoast.com\/product\/yoast-seo-wordpress\/ -->\n<title>EVENTI PASSATI - Compa\u00f1\u00eda de Circo &quot;eia&quot;<\/title>\n<meta name=\"robots\" content=\"index, follow, max-snippet:-1, max-image-preview:large, max-video-preview:-1\" \/>\n<link rel=\"canonical\" href=\"https:\/\/www.circoeia.com\/it\/intarsi\/eventi-passati\/\" \/>\n<meta property=\"og:locale\" content=\"it_IT\" \/>\n<meta property=\"og:type\" content=\"article\" \/>\n<meta property=\"og:title\" content=\"EVENTI PASSATI - Compa\u00f1\u00eda de Circo &quot;eia&quot;\" \/>\n<meta property=\"og:description\" content=\"TOUR EVENTI PASSATI 2022 2021 2020 2019 2018 2017 2016 2015 2022 LUGLIO 1 \u2013 Ateneu Popular 9 Barris, Barcellona (ultima esibizione) 2021 GIUGNO 6 \u2013 Animatis, Issoire, Francia 9 \u2013 Le Cube, Lieusaint, Francia 12 e 13 \u2013 Cirkulacjia Festival, Kaunas, Lituania \u00a0 LUGLIO 6 \u2013 Festival des 7 Collines, Saint-\u00c9tienne, Francia\u00a0\u00a0 \u00a0 SETTEMBRE [&hellip;]\" \/>\n<meta property=\"og:url\" content=\"https:\/\/www.circoeia.com\/it\/intarsi\/eventi-passati\/\" \/>\n<meta property=\"og:site_name\" content=\"Compa\u00f1\u00eda de Circo &quot;eia&quot;\" \/>\n<meta property=\"article:publisher\" content=\"https:\/\/es-es.facebook.com\/CircoEia\/\" \/>\n<meta property=\"article:modified_time\" content=\"2022-08-03T08:12:30+00:00\" \/>\n<meta property=\"og:image\" content=\"https:\/\/www.circoeia.com\/wp-content\/uploads\/elementor\/thumbs\/logo-intarsi-p0yljb2t3rznxuk7vjmpn3nlr0yebbby8eltojimwa.png\" \/>\n<meta name=\"twitter:card\" content=\"summary_large_image\" \/>\n<meta name=\"twitter:label1\" content=\"Tempo di lettura stimato\" \/>\n\t<meta name=\"twitter:data1\" content=\"32 minuti\" \/>\n<script type=\"application\/ld+json\" class=\"yoast-schema-graph\">{\"@context\":\"https:\/\/schema.org\",\"@graph\":[{\"@type\":\"WebPage\",\"@id\":\"https:\/\/www.circoeia.com\/it\/intarsi\/eventi-passati\/\",\"url\":\"https:\/\/www.circoeia.com\/it\/intarsi\/eventi-passati\/\",\"name\":\"EVENTI PASSATI - Compa\u00f1\u00eda de Circo &quot;eia&quot;\",\"isPartOf\":{\"@id\":\"https:\/\/www.circoeia.com\/#website\"},\"primaryImageOfPage\":{\"@id\":\"https:\/\/www.circoeia.com\/it\/intarsi\/eventi-passati\/#primaryimage\"},\"image\":{\"@id\":\"https:\/\/www.circoeia.com\/it\/intarsi\/eventi-passati\/#primaryimage\"},\"thumbnailUrl\":\"https:\/\/www.circoeia.com\/wp-content\/uploads\/elementor\/thumbs\/logo-intarsi-p0yljb2t3rznxuk7vjmpn3nlr0yebbby8eltojimwa.png\",\"datePublished\":\"2022-08-03T08:10:02+00:00\",\"dateModified\":\"2022-08-03T08:12:30+00:00\",\"breadcrumb\":{\"@id\":\"https:\/\/www.circoeia.com\/it\/intarsi\/eventi-passati\/#breadcrumb\"},\"inLanguage\":\"it-IT\",\"potentialAction\":[{\"@type\":\"ReadAction\",\"target\":[\"https:\/\/www.circoeia.com\/it\/intarsi\/eventi-passati\/\"]}]},{\"@type\":\"ImageObject\",\"inLanguage\":\"it-IT\",\"@id\":\"https:\/\/www.circoeia.com\/it\/intarsi\/eventi-passati\/#primaryimage\",\"url\":\"https:\/\/www.circoeia.com\/wp-content\/uploads\/elementor\/thumbs\/logo-intarsi-p0yljb2t3rznxuk7vjmpn3nlr0yebbby8eltojimwa.png\",\"contentUrl\":\"https:\/\/www.circoeia.com\/wp-content\/uploads\/elementor\/thumbs\/logo-intarsi-p0yljb2t3rznxuk7vjmpn3nlr0yebbby8eltojimwa.png\"},{\"@type\":\"BreadcrumbList\",\"@id\":\"https:\/\/www.circoeia.com\/it\/intarsi\/eventi-passati\/#breadcrumb\",\"itemListElement\":[{\"@type\":\"ListItem\",\"position\":1,\"name\":\"Portada\",\"item\":\"https:\/\/www.circoeia.com\/\"},{\"@type\":\"ListItem\",\"position\":2,\"name\":\"inTarsi\",\"item\":\"https:\/\/www.circoeia.com\/it\/intarsi\/\"},{\"@type\":\"ListItem\",\"position\":3,\"name\":\"EVENTI PASSATI\"}]},{\"@type\":\"WebSite\",\"@id\":\"https:\/\/www.circoeia.com\/#website\",\"url\":\"https:\/\/www.circoeia.com\/\",\"name\":\"Compa\u00f1\u00eda de Circo \\\"eia\\\"\",\"description\":\"15 a\u00f1os de Circo Humano\",\"publisher\":{\"@id\":\"https:\/\/www.circoeia.com\/#organization\"},\"potentialAction\":[{\"@type\":\"SearchAction\",\"target\":{\"@type\":\"EntryPoint\",\"urlTemplate\":\"https:\/\/www.circoeia.com\/?s={search_term_string}\"},\"query-input\":{\"@type\":\"PropertyValueSpecification\",\"valueRequired\":true,\"valueName\":\"search_term_string\"}}],\"inLanguage\":\"it-IT\"},{\"@type\":\"Organization\",\"@id\":\"https:\/\/www.circoeia.com\/#organization\",\"name\":\"Compa\u00f1\u00eda de Circo \\\"eia\\\"\",\"url\":\"https:\/\/www.circoeia.com\/\",\"logo\":{\"@type\":\"ImageObject\",\"inLanguage\":\"it-IT\",\"@id\":\"https:\/\/www.circoeia.com\/#\/schema\/logo\/image\/\",\"url\":\"https:\/\/www.circoeia.com\/wp-content\/uploads\/2024\/12\/logo-eia-generic-negre.png\",\"contentUrl\":\"https:\/\/www.circoeia.com\/wp-content\/uploads\/2024\/12\/logo-eia-generic-negre.png\",\"width\":250,\"height\":89,\"caption\":\"Compa\u00f1\u00eda de Circo \\\"eia\\\"\"},\"image\":{\"@id\":\"https:\/\/www.circoeia.com\/#\/schema\/logo\/image\/\"},\"sameAs\":[\"https:\/\/es-es.facebook.com\/CircoEia\/\",\"https:\/\/www.instagram.com\/circoeia\/\",\"https:\/\/www.youtube.com\/user\/Circoeia\",\"https:\/\/vimeo.com\/circoeia\"]}]}<\/script>\n<!-- \/ Yoast SEO plugin. -->","yoast_head_json":{"title":"EVENTI PASSATI - Compa\u00f1\u00eda de Circo &quot;eia&quot;","robots":{"index":"index","follow":"follow","max-snippet":"max-snippet:-1","max-image-preview":"max-image-preview:large","max-video-preview":"max-video-preview:-1"},"canonical":"https:\/\/www.circoeia.com\/it\/intarsi\/eventi-passati\/","og_locale":"it_IT","og_type":"article","og_title":"EVENTI PASSATI - Compa\u00f1\u00eda de Circo &quot;eia&quot;","og_description":"TOUR EVENTI PASSATI 2022 2021 2020 2019 2018 2017 2016 2015 2022 LUGLIO 1 \u2013 Ateneu Popular 9 Barris, Barcellona (ultima esibizione) 2021 GIUGNO 6 \u2013 Animatis, Issoire, Francia 9 \u2013 Le Cube, Lieusaint, Francia 12 e 13 \u2013 Cirkulacjia Festival, Kaunas, Lituania \u00a0 LUGLIO 6 \u2013 Festival des 7 Collines, Saint-\u00c9tienne, Francia\u00a0\u00a0 \u00a0 SETTEMBRE [&hellip;]","og_url":"https:\/\/www.circoeia.com\/it\/intarsi\/eventi-passati\/","og_site_name":"Compa\u00f1\u00eda de Circo &quot;eia&quot;","article_publisher":"https:\/\/es-es.facebook.com\/CircoEia\/","article_modified_time":"2022-08-03T08:12:30+00:00","og_image":[{"url":"https:\/\/www.circoeia.com\/wp-content\/uploads\/elementor\/thumbs\/logo-intarsi-p0yljb2t3rznxuk7vjmpn3nlr0yebbby8eltojimwa.png","type":"","width":"","height":""}],"twitter_card":"summary_large_image","twitter_misc":{"Tempo di lettura stimato":"32 minuti"},"schema":{"@context":"https:\/\/schema.org","@graph":[{"@type":"WebPage","@id":"https:\/\/www.circoeia.com\/it\/intarsi\/eventi-passati\/","url":"https:\/\/www.circoeia.com\/it\/intarsi\/eventi-passati\/","name":"EVENTI PASSATI - Compa\u00f1\u00eda de Circo &quot;eia&quot;","isPartOf":{"@id":"https:\/\/www.circoeia.com\/#website"},"primaryImageOfPage":{"@id":"https:\/\/www.circoeia.com\/it\/intarsi\/eventi-passati\/#primaryimage"},"image":{"@id":"https:\/\/www.circoeia.com\/it\/intarsi\/eventi-passati\/#primaryimage"},"thumbnailUrl":"https:\/\/www.circoeia.com\/wp-content\/uploads\/elementor\/thumbs\/logo-intarsi-p0yljb2t3rznxuk7vjmpn3nlr0yebbby8eltojimwa.png","datePublished":"2022-08-03T08:10:02+00:00","dateModified":"2022-08-03T08:12:30+00:00","breadcrumb":{"@id":"https:\/\/www.circoeia.com\/it\/intarsi\/eventi-passati\/#breadcrumb"},"inLanguage":"it-IT","potentialAction":[{"@type":"ReadAction","target":["https:\/\/www.circoeia.com\/it\/intarsi\/eventi-passati\/"]}]},{"@type":"ImageObject","inLanguage":"it-IT","@id":"https:\/\/www.circoeia.com\/it\/intarsi\/eventi-passati\/#primaryimage","url":"https:\/\/www.circoeia.com\/wp-content\/uploads\/elementor\/thumbs\/logo-intarsi-p0yljb2t3rznxuk7vjmpn3nlr0yebbby8eltojimwa.png","contentUrl":"https:\/\/www.circoeia.com\/wp-content\/uploads\/elementor\/thumbs\/logo-intarsi-p0yljb2t3rznxuk7vjmpn3nlr0yebbby8eltojimwa.png"},{"@type":"BreadcrumbList","@id":"https:\/\/www.circoeia.com\/it\/intarsi\/eventi-passati\/#breadcrumb","itemListElement":[{"@type":"ListItem","position":1,"name":"Portada","item":"https:\/\/www.circoeia.com\/"},{"@type":"ListItem","position":2,"name":"inTarsi","item":"https:\/\/www.circoeia.com\/it\/intarsi\/"},{"@type":"ListItem","position":3,"name":"EVENTI PASSATI"}]},{"@type":"WebSite","@id":"https:\/\/www.circoeia.com\/#website","url":"https:\/\/www.circoeia.com\/","name":"Compa\u00f1\u00eda de Circo \"eia\"","description":"15 a\u00f1os de Circo Humano","publisher":{"@id":"https:\/\/www.circoeia.com\/#organization"},"potentialAction":[{"@type":"SearchAction","target":{"@type":"EntryPoint","urlTemplate":"https:\/\/www.circoeia.com\/?s={search_term_string}"},"query-input":{"@type":"PropertyValueSpecification","valueRequired":true,"valueName":"search_term_string"}}],"inLanguage":"it-IT"},{"@type":"Organization","@id":"https:\/\/www.circoeia.com\/#organization","name":"Compa\u00f1\u00eda de Circo \"eia\"","url":"https:\/\/www.circoeia.com\/","logo":{"@type":"ImageObject","inLanguage":"it-IT","@id":"https:\/\/www.circoeia.com\/#\/schema\/logo\/image\/","url":"https:\/\/www.circoeia.com\/wp-content\/uploads\/2024\/12\/logo-eia-generic-negre.png","contentUrl":"https:\/\/www.circoeia.com\/wp-content\/uploads\/2024\/12\/logo-eia-generic-negre.png","width":250,"height":89,"caption":"Compa\u00f1\u00eda de Circo \"eia\""},"image":{"@id":"https:\/\/www.circoeia.com\/#\/schema\/logo\/image\/"},"sameAs":["https:\/\/es-es.facebook.com\/CircoEia\/","https:\/\/www.instagram.com\/circoeia\/","https:\/\/www.youtube.com\/user\/Circoeia","https:\/\/vimeo.com\/circoeia"]}]}},"_links":{"self":[{"href":"https:\/\/www.circoeia.com\/it\/wp-json\/wp\/v2\/pages\/16133","targetHints":{"allow":["GET"]}}],"collection":[{"href":"https:\/\/www.circoeia.com\/it\/wp-json\/wp\/v2\/pages"}],"about":[{"href":"https:\/\/www.circoeia.com\/it\/wp-json\/wp\/v2\/types\/page"}],"author":[{"embeddable":true,"href":"https:\/\/www.circoeia.com\/it\/wp-json\/wp\/v2\/users\/1"}],"replies":[{"embeddable":true,"href":"https:\/\/www.circoeia.com\/it\/wp-json\/wp\/v2\/comments?post=16133"}],"version-history":[{"count":0,"href":"https:\/\/www.circoeia.com\/it\/wp-json\/wp\/v2\/pages\/16133\/revisions"}],"up":[{"embeddable":true,"href":"https:\/\/www.circoeia.com\/it\/wp-json\/wp\/v2\/pages\/3221"}],"wp:attachment":[{"href":"https:\/\/www.circoeia.com\/it\/wp-json\/wp\/v2\/media?parent=16133"}],"curies":[{"name":"wp","href":"https:\/\/api.w.org\/{rel}","templated":true}]}}